{"id":24,"date":"2025-07-09T20:09:20","date_gmt":"2025-07-09T18:09:20","guid":{"rendered":"https:\/\/migracion.ffmm.mil.py\/armadaparaguaya\/?page_id=24"},"modified":"2025-07-09T20:55:02","modified_gmt":"2025-07-09T18:55:02","slug":"comandante","status":"publish","type":"page","link":"https:\/\/ffmm.mil.py\/armadaparaguaya\/comandante\/","title":{"rendered":"Comandante"},"content":{"rendered":"<div class=\"wp-block-image\">\n<figure class=\"aligncenter size-full\"><img fetchpriority=\"high\" decoding=\"async\" width=\"225\" height=\"300\" src=\"https:\/\/cimefor.mil.py\/armadaparaguaya\/wp-content\/uploads\/sites\/6\/2025\/07\/Captura-de-pantalla-2024-06-18-133034-225x300-1.png\" alt=\"\" class=\"wp-image-90\"\/><\/figure>\n<\/div>\n\n\n<h3 class=\"wp-block-heading has-text-align-center\">VICEALMIRANTE LUCIO BENITEZ ESCALANTE<br>COMANDANTE INTERINO DE LA ARMADA<\/h3>\n\n\n\n<div style=\"height:50px\" aria-hidden=\"true\" class=\"wp-block-spacer\"><\/div>\n\n\n\n<p class=\"fs-5\"><strong><u>DATOS PERSONALES<\/u><\/strong><br>Naci\u00f3 en la ciudad de Asunci\u00f3n, Paraguay, en fecha 14 de diciembre de 1968,<br>casado con dos hijas.<br>Por Decreto N\u00b0 11.617 de fecha 21 de noviembre de 1991, ascendido al grado de<br>Guardiamarina del arma Combatiente.<br>Por Orden General del Comando en Jefe N\u00b0 119 de fecha 06 de Junio de 2024, es nombrado como Comandante Interino de la Armada Paraguaya.<br><strong><u>T\u00cdTULOS ACAD\u00c9MICOS<\/u><\/strong><br>\u2013 Licenciado en Ciencias Militares (concedido por la Academia Militar \u201cMcal<br>Francisco Solano L\u00f3pez\u201d).<br>\u2013 Mag\u00edster en Planificaci\u00f3n, Administraci\u00f3n y Comando Naval (concedido por la<br>Escuela de Comando y Estado Mayor de la Armada)<br>-.Magister en Planificaci\u00f3n y Conducci\u00f3n Estrat\u00e9gica Nacional<br>\u2013 Abogado.<br><strong><u>CURSOS DE CAPACITACI\u00d3N Y ACTUALIZACI\u00d3N<\/u><\/strong><br>\u2013 Piloto Aviador Naval.<br>\u2013 Copilotos para pilotos en multi motores.<br>\u2013 Piloto Aviador Militar.<br>\u2013 Instructor de vuelo en el avi\u00f3n t-35 pillan.<br>\u2013 Oficial de Control de Tr\u00e1fico Mar\u00edtimo Naval.<br>\u2013 Comando y Estado Mayor.<br>\u2013 Observador Militar.<br>\u2013 Conferencia Inicial de Planificaci\u00f3n \u2013 Ejercicio Panamax 2011.<br>\u2013 Licenciado en Ciencias Militares.<br>\u2013 M\u00e1ster en Operaciones Navales.<br>\u2013 Magister en Planificaci\u00f3n, Administraci\u00f3n y Comando Naval.<br>\u2013 Altos Estudios Estrat\u00e9gicos para Oficiales Superiores Iberoamericanos.<br>\u2013 Seminario de Capacitaci\u00f3n sobre Derechos Humanos.<br><strong><u>CARGOS RELEVANTES<\/u><\/strong><br>\u2013 Jefe Navegaci\u00f3n y Comunicacion del Comando de la Flota de Guerra (C-1<br>\u00abPARAGUAY\u00bb).<br>\u2013 Comandante del grupo Aeronaval de Entrenamiento (GAEN).<br>\u2013 Comandante Grupo de Tarea Aviaci\u00f3n Naval \u2013 MANIOBRA 09.<br>\u2013 Comandante accidental del Comando de la Aviaci\u00f3n Naval.<br>\u2013 Ayudante del Comandante de la FTC \u00abMcal. Francisco S. Lopez\u00bb.<br>\u2013 Comandante del Batall\u00f3n de Infanter\u00eda de Marina N\u00ba 2 VALLEMI.<br>\u2013 Comandante del Grupo Aeronaval de Helic\u00f3pteros.<br>\u2013 Director de Tecnolog\u00edas de la Informaci\u00f3n y Comunicaci\u00f3n de la Armada.<br>\u2013 Comandante del Comando de la Aviaci\u00f3n Naval.<br>\u2013 Comandante del Comando de Institutos Navales de Ense\u00f1anza.<br>\u2013 Jefe del Estado Mayor de la Armada. &nbsp; &nbsp; &nbsp; &nbsp; &nbsp; &nbsp; &nbsp; &nbsp; &nbsp; &nbsp; &nbsp; &nbsp; &nbsp; &nbsp; &nbsp; &nbsp; &nbsp; &nbsp; &nbsp; &nbsp; &nbsp; &nbsp; &nbsp; &nbsp;<br><strong><u>MEDALLAS, DISTINTIVOS Y MENCIONES<\/u><\/strong><br>\u2013 Medalla de Honor del \u201cCOMANJEFE\u00bb .<br>\u2013 Distintivo de \u00abCurso de Observador Militar\u00bb.<br>\u2013 Medalla \u00abEscuela Naval\u00bb (Chile).<br>\u2013 Medalla Honorifica y distintivo tiempo servicio (3 estrellas).<br>\u2013 Premio \u00abMarinha do Brasil\u00bb (Brasil).<br>\u2013 Premio Armada Rep\u00fablica Oriental del Uruguay (Uruguay).<br>\u2013 Medalla Honorifica y distintivo tiempo servicio (4 estrellas).<br>\u2013 Medalla de Honor de la Direcci\u00f3n del Material.<br>\u2013 Medalla de Honor del Comando de Infanter\u00eda de Marina.<br>\u2013 Medalla de Honor del Comando de la Flota de Guerra.<br>\u2013 Medalla de Honor del Comando de la Aviaci\u00f3n Naval.<br>\u2013 Medalla de Honor del Centro Financiero N\u00ba 3.<br>\u2013 Medalla de Honor de la Armada Paraguaya.<br>\u2013 Medalla de Honor del Comando de Apoyo de Combate.<br>\u2013 Medalla de Honor del Comando de Institutos Navales de Ense\u00f1anza.<br>\u2013 Medalla de Honor de la Direcci\u00f3n de Apoyo de Servicio.<\/p>\n","protected":false},"excerpt":{"rendered":"<p>VICEALMIRANTE LUCIO BENITEZ ESCALANTECOMANDANTE INTERINO DE LA ARMADA DATOS PERSONALESNaci\u00f3 en la ciudad de Asunci\u00f3n, Paraguay, en fecha 14 de diciembre de 1968,casado con dos hijas.Por Decreto N\u00b0 11.617 de fecha 21 de noviembre de 1991, ascendido al grado deGuardiamarina del arma Combatiente.Por Orden General del Comando en Jefe N\u00b0 119 de fecha 06 de [&hellip;]<\/p>\n","protected":false},"author":1,"featured_media":0,"parent":0,"menu_order":0,"comment_status":"closed","ping_status":"closed","template":"page-nosidebar.php","meta":{"footnotes":""},"class_list":["post-24","page","type-page","status-publish","hentry"],"_links":{"self":[{"href":"https:\/\/ffmm.mil.py\/armadaparaguaya\/wp-json\/wp\/v2\/pages\/24","targetHints":{"allow":["GET"]}}],"collection":[{"href":"https:\/\/ffmm.mil.py\/armadaparaguaya\/wp-json\/wp\/v2\/pages"}],"about":[{"href":"https:\/\/ffmm.mil.py\/armadaparaguaya\/wp-json\/wp\/v2\/types\/page"}],"author":[{"embeddable":true,"href":"https:\/\/ffmm.mil.py\/armadaparaguaya\/wp-json\/wp\/v2\/users\/1"}],"replies":[{"embeddable":true,"href":"https:\/\/ffmm.mil.py\/armadaparaguaya\/wp-json\/wp\/v2\/comments?post=24"}],"version-history":[{"count":4,"href":"https:\/\/ffmm.mil.py\/armadaparaguaya\/wp-json\/wp\/v2\/pages\/24\/revisions"}],"predecessor-version":[{"id":93,"href":"https:\/\/ffmm.mil.py\/armadaparaguaya\/wp-json\/wp\/v2\/pages\/24\/revisions\/93"}],"wp:attachment":[{"href":"https:\/\/ffmm.mil.py\/armadaparaguaya\/wp-json\/wp\/v2\/media?parent=24"}],"curies":[{"name":"wp","href":"https:\/\/api.w.org\/{rel}","templated":true}]}}