{"id":37,"date":"2025-07-09T20:10:27","date_gmt":"2025-07-09T18:10:27","guid":{"rendered":"https:\/\/migracion.ffmm.mil.py\/armadaparaguaya\/?page_id=37"},"modified":"2025-07-09T21:06:40","modified_gmt":"2025-07-09T19:06:40","slug":"estado-mayor-especial","status":"publish","type":"page","link":"https:\/\/ffmm.mil.py\/armadaparaguaya\/estado-mayor-especial\/","title":{"rendered":"Estado Mayor Especial"},"content":{"rendered":"\n<h3 class=\"wp-block-heading has-text-align-center has-mitic-blue-color has-text-color has-link-color wp-elements-ac492a1789a268c73e4d62a4c0bf406d\">Cap N DEM AUGUSTO CESAR AGUIAR CRISTALDO<br>DIRECTOR DE LA DIRECCI\u00d3N DE ADMINISTRACION Y FINANZAS DE LA ARMADA<\/h3>\n\n\n\n<p class=\"fs-5\">Su objetivo es planificar, ejecutar y controlar el proceso presupuestario, abarcando desde la determinaci\u00f3n de necesidades anuales (Programa Anual de Contrataciones PAC) hasta la transferencia de fondos, incluyendo el pago a proveedores y la debida rendici\u00f3n de cuentas.<\/p>\n\n\n\n<div style=\"height:50px\" aria-hidden=\"true\" class=\"wp-block-spacer\"><\/div>\n\n\n\n<h3 class=\"wp-block-heading has-text-align-center has-mitic-blue-color has-text-color has-link-color wp-elements-292b01df2d824f32ca34dd9999306387\">Cap N DEM EDUARDO MANUEL MAIDANA GONZALEZ<br>DIRECTOR DE LA DIRECCI\u00d3N ADMINISTRATIVA DEL COMANDO DE LA ARMADA<\/h3>\n\n\n\n<p class=\"fs-5\">Tiene por objetivo organizar, llevar a cabo y supervisar todo el proceso presupuestario, abarcando desde la identificaci\u00f3n de necesidades anuales (Programa Anual de Contrataciones PAC) hasta la asignaci\u00f3n de fondos, lo que incluye el pago a proveedores y la correspondiente rendici\u00f3n de cuentas en el Cuartel General del Comando de la Armada.<\/p>\n\n\n\n<div style=\"height:50px\" aria-hidden=\"true\" class=\"wp-block-spacer\"><\/div>\n\n\n\n<h3 class=\"wp-block-heading has-text-align-center has-mitic-blue-color has-text-color has-link-color wp-elements-4d1300ec291356513d8200a85d146fd4\">Cap F DEM DERLY WILMAR PERALTA ARECO<br>DIRECTOR DE LA DIRECCI\u00d3N DE ASUNTOS CIVILES DE LA ARMADA<\/h3>\n\n\n\n<p class=\"fs-5\">El objetivo es fortalecer la cooperaci\u00f3n entre la Armada, las autoridades y la poblaci\u00f3n civil, coordinando recursos en emergencias y gestionando ayuda humanitaria. Se prioriza el intercambio de informaci\u00f3n, la colaboraci\u00f3n con organismos y ONGs, y la capacitaci\u00f3n del personal para operar en desastres, asegurando el apoyo con recursos y personal civil en misiones militares y la restauraci\u00f3n de servicios b\u00e1sicos.<\/p>\n\n\n\n<div style=\"height:50px\" aria-hidden=\"true\" class=\"wp-block-spacer\"><\/div>\n\n\n\n<h3 class=\"wp-block-heading has-text-align-center has-mitic-blue-color has-text-color has-link-color wp-elements-634c5b62867685356014480b3fc98b74\">Cap F DEM DELIO RAMON MARTINEZ CORREA<br>DIRECTOR DE LA DIRECCI\u00d3N DEL BIENESTAR DE LA ARMADA<\/h3>\n\n\n\n<p class=\"fs-5\">La Direcci\u00f3n de Bienestar de la Armada asesora al Comandante en la gesti\u00f3n de los recursos humanos, velando por el bienestar del personal militar y sus familias, a trav\u00e9s de apoyos en \u00e1reas sociales, educativas, jur\u00eddicas, habitacionales y recreativas. Su visi\u00f3n es elevar la calidad de vida del personal naval mediante una gesti\u00f3n eficiente, con un equipo altamente comprometido, generando un ambiente de trabajo propicio y una estructura organizativa moderna y transparente.<\/p>\n\n\n\n<div style=\"height:50px\" aria-hidden=\"true\" class=\"wp-block-spacer\"><\/div>\n\n\n\n<h3 class=\"wp-block-heading has-text-align-center has-mitic-blue-color has-text-color has-link-color wp-elements-c44276c491168e25ff3f124e814f1787\">Cap C DEM DERLIS EMIGDIO GIMENEZ FERREIRA<br>DIRECTOR DE LA DIRECCI\u00d3N DE COMUNICACION SOCIAL DE LA ARMADA<\/h3>\n\n\n\n<p class=\"fs-5\">La Comunicaci\u00f3n Social en la Armada Paraguaya tiene como objetivo gestionar la informaci\u00f3n de manera eficiente para asegurar el apoyo del p\u00fablico interno y externo, fomentar la integraci\u00f3n civil-militar, fortalecer la conciencia nacional sobre la importancia de la Armada en la defensa del pa\u00eds, y destacar su contribuci\u00f3n hist\u00f3rica. Tambi\u00e9n busca motivar el inter\u00e9s por el servicio militar obligatorio, promover virtudes y tradiciones navales, contrarrestar informaciones negativas, y mantener informados a los medios de comunicaci\u00f3n sobre las actividades de la Armada.<\/p>\n\n\n\n<div style=\"height:50px\" aria-hidden=\"true\" class=\"wp-block-spacer\"><\/div>\n\n\n\n<h3 class=\"wp-block-heading has-text-align-center has-mitic-blue-color has-text-color has-link-color wp-elements-041bb4bf9c745af7029db1d51812ae07\">Cap C DEM CARMEN DOLORES QUINTERO GIMENEZ<br>DIRECTORA DE LA DIRECCI\u00d3N DE AUDITORIA INTERNA DE LA ARMADA<\/h3>\n\n\n\n<p class=\"fs-5\">Su objetivo es optimizar el control y la auditor\u00eda en la Armada, implementando el MECIP, unificando procedimientos y fortaleciendo la gesti\u00f3n administrativa y financiera con transparencia y eficiencia. Se busca mejorar la capacitaci\u00f3n de los auditores, fiscalizar el cumplimiento de normativas y generar recomendaciones para la mejora continua, asegurando una auditor\u00eda profesional, objetiva e independiente. Las funciones clave incluyen emitir opiniones, evaluar el control interno y proponer mejoras en la gesti\u00f3n.<\/p>\n\n\n\n<div style=\"height:50px\" aria-hidden=\"true\" class=\"wp-block-spacer\"><\/div>\n\n\n\n<h3 class=\"wp-block-heading has-text-align-center has-mitic-blue-color has-text-color has-link-color wp-elements-b3a8ea68ec3d3c4a0ce37d5a2a4b7cd9\">Cap C DEM ELIAS DANIEL GONZALEZ BENITEZ<br>DIRECTOR DE LA DIRECCI\u00d3N DE TECNOLOGIAS DE LA INFORMACION Y COMUNICACION DE LA ARMADA<\/h3>\n\n\n\n<p class=\"fs-5\">La finalidad de la Direcci\u00f3n de Tecnolog\u00edas de la Informaci\u00f3n y Comunicaci\u00f3n de la Armada (DITICA) es guiar las actividades y procedimientos en TIC, brindando apoyo a la Armada Paraguaya. Su objetivo es asesorar en TIC y ciberseguridad a las Grandes Unidades, Direcciones y Unidades dependientes del Cuartel General de la Armada, desarrollar planes y proyectos seg\u00fan sus necesidades, integrar el sistema de TIC del Estado para operaciones y crisis, garantizar la seguridad, ciberdefensa y ciberseguridad en todas las Unidades.<\/p>\n\n\n\n<div style=\"height:50px\" aria-hidden=\"true\" class=\"wp-block-spacer\"><\/div>\n\n\n\n<h3 class=\"wp-block-heading has-text-align-center has-mitic-blue-color has-text-color has-link-color wp-elements-4523c71795a08f9a8e5f689b001a5c77\">Tte N JM HECTOR ANDRES MELGAREJO AGUILAR<br>DIRECTOR DE LA DIRECCION DE ASUNTOS JURIDICOS DE LA ARMADA<\/h3>\n\n\n\n<p class=\"fs-5\">El objetivo principal es cumplir y hacer cumplir los mandatos constitucionales, legales y reglamentarios mediante la emisi\u00f3n de dict\u00e1menes sobre los expedientes presentados por las unidades de la Armada. Se establece la obligaci\u00f3n de seguir las disposiciones de la Orden General N\u00ba 143, que regula las funciones de la Auditor\u00eda General de Guerra y los asesores jur\u00eddicos. Adem\u00e1s, se establece la obligaci\u00f3n de emitir dict\u00e1menes sobre la procedencia de los documentos, proponer el curso de acci\u00f3n legal y participar de manera eficaz en los sumarios de prevenci\u00f3n, evitando errores procesales y recomendando sanciones adecuadas.<\/p>\n","protected":false},"excerpt":{"rendered":"<p>Cap N DEM AUGUSTO CESAR AGUIAR CRISTALDODIRECTOR DE LA DIRECCI\u00d3N DE ADMINISTRACION Y FINANZAS DE LA ARMADA Su objetivo es planificar, ejecutar y controlar el proceso presupuestario, abarcando desde la determinaci\u00f3n de necesidades anuales (Programa Anual de Contrataciones PAC) hasta la transferencia de fondos, incluyendo el pago a proveedores y la debida rendici\u00f3n de cuentas. [&hellip;]<\/p>\n","protected":false},"author":1,"featured_media":0,"parent":0,"menu_order":0,"comment_status":"closed","ping_status":"closed","template":"page-nosidebar.php","meta":{"footnotes":""},"class_list":["post-37","page","type-page","status-publish","hentry"],"_links":{"self":[{"href":"https:\/\/ffmm.mil.py\/armadaparaguaya\/wp-json\/wp\/v2\/pages\/37","targetHints":{"allow":["GET"]}}],"collection":[{"href":"https:\/\/ffmm.mil.py\/armadaparaguaya\/wp-json\/wp\/v2\/pages"}],"about":[{"href":"https:\/\/ffmm.mil.py\/armadaparaguaya\/wp-json\/wp\/v2\/types\/page"}],"author":[{"embeddable":true,"href":"https:\/\/ffmm.mil.py\/armadaparaguaya\/wp-json\/wp\/v2\/users\/1"}],"replies":[{"embeddable":true,"href":"https:\/\/ffmm.mil.py\/armadaparaguaya\/wp-json\/wp\/v2\/comments?post=37"}],"version-history":[{"count":4,"href":"https:\/\/ffmm.mil.py\/armadaparaguaya\/wp-json\/wp\/v2\/pages\/37\/revisions"}],"predecessor-version":[{"id":106,"href":"https:\/\/ffmm.mil.py\/armadaparaguaya\/wp-json\/wp\/v2\/pages\/37\/revisions\/106"}],"wp:attachment":[{"href":"https:\/\/ffmm.mil.py\/armadaparaguaya\/wp-json\/wp\/v2\/media?parent=37"}],"curies":[{"name":"wp","href":"https:\/\/api.w.org\/{rel}","templated":true}]}}