{"id":567,"date":"2025-07-10T21:34:29","date_gmt":"2025-07-10T19:34:29","guid":{"rendered":"https:\/\/migracion.ffmm.mil.py\/armadaparaguaya\/?page_id=567"},"modified":"2025-07-10T21:56:03","modified_gmt":"2025-07-10T19:56:03","slug":"area-naval-del-este","status":"publish","type":"page","link":"https:\/\/ffmm.mil.py\/armadaparaguaya\/area-naval-del-este\/","title":{"rendered":"AREA NAVAL DEL ESTE"},"content":{"rendered":"\n<h3 class=\"wp-block-heading has-text-align-center has-mitic-blue-color has-text-color has-link-color wp-elements-02bba44bc2613fee0a831709d9d7e6fb\">Cap N DEM MARCOS ADRIAN RIVAS ROJAS<br>COMANDANTE<\/h3>\n\n\n\n<p class=\"fs-5\"><strong>DATOS PERSONALES<\/strong><\/p>\n\n\n\n<p class=\"fs-5\">Naci\u00f3 en la ciudad de Asunci\u00f3n, Paraguay, en fecha 05 de abril de 1972.<\/p>\n\n\n\n<p class=\"fs-5\">Por Decreto N\u00b0 11.273 de fecha 14 de noviembre de 1995, ascendido al grado de Guardiamarina del arma Combatiente.<br>Por Orden General del Comando de la Armada N\u00b0 197 de fecha 25 de octubre de 2024, es nombrado Comandante del \u00c1rea Naval y Prefecto zona del Este.<\/p>\n\n\n\n<p class=\"fs-5\">&nbsp;<strong>T\u00cdTULOS ACAD\u00c9MICOS<\/strong><br>\u2013 Licenciado en Ciencias Militares (concedido por la Academia Militar \u201cMcal Francisco Solano L\u00f3pez\u201d).<br>\u2013 Mag\u00edster en Planificaci\u00f3n y Conducci\u00f3n Estrat\u00e9gica Nacional.<\/p>\n\n\n\n<p class=\"fs-5\">&nbsp;<strong>CURSOS DE CAPACITACI\u00d3N Y ACTUALIZACI\u00d3N<\/strong><br>\u2013 Escuela de Perfeccionamiento de Oficiales de la Armada.<br>\u2013 Comando y Estado Mayor de la Armada.<br>\u2013 Licenciado en Ciencias Militares.<br>\u2013 Capacitaci\u00f3n en Buceo de Borda.<br>\u2013 Maestro de Saltos.&nbsp;&nbsp;&nbsp;&nbsp;&nbsp;&nbsp;&nbsp;&nbsp;&nbsp;&nbsp;<\/p>\n\n\n\n<p class=\"fs-5\">&nbsp;&nbsp;<strong>CARGOS RELEVANTES<\/strong><br>\u2013 Segundo Comandante del Patrullero \u201cItaipu\u201d.<br>\u2013 Segundo Comandante de la Escuela de Formaci\u00f3n de Sub Oficiales de la Armada<br>\u2013 Segundo Comandante del \u00c1rea Naval de Itapu\u00e1.<br>\u2013 Comandante del Buque \u201c3 de febrero\u201d.<br>\u2013 Prefecto Zona Ayolas.<\/p>\n\n\n\n<p class=\"fs-5\">\u2013 Comandante de la Sub \u00c1rea de Pacificaci\u00f3n N\u00b03 ARPAR.<\/p>\n\n\n\n<p class=\"fs-5\">\u2013 Director de la Direcci\u00f3n de Personal del Estado Mayor de la Armada.<\/p>\n\n\n\n<p class=\"fs-5\">\u2013 Director de la Direcci\u00f3n de Tecnolog\u00edas de la Informaci\u00f3n y Comunicaci\u00f3n de la Armada.<\/p>\n\n\n\n<p class=\"fs-5\">\u2013 Agregado Naval a la embajada Paraguaya en la Rep\u00fablica Argentina.<\/p>\n\n\n\n<p class=\"fs-5\">&nbsp;&nbsp;&nbsp;<strong>MEDALLAS, DISTINTIVOS Y MENCIONES<\/strong><br>\u2013 Distintivo de \u00abComando y Estado Mayor de la Armada\u00bb (Paraguay).<\/p>\n\n\n\n<p class=\"fs-5\">\u2013 Distintivo de \u00abComando Anfibios\u00bb (Paraguay).<br>\u2013 Medalla Honorifica y tiempo de Servicio (3 estrellas) (Paraguay).<\/p>\n\n\n\n<p class=\"fs-5\">\u2013 Medalla Honorifica y tiempo de Servicio (4 estrellas) (25 a\u00f1os) (Paraguay).<\/p>\n\n\n\n<p class=\"fs-5\">\u2013 Medalla Honorifica \u00abPablo Areguati\u00bb (Argentina)<\/p>\n\n\n\n<p class=\"fs-5\">\u2013 Medalla de Honor al m\u00e9rito de la Agrupaci\u00f3n de Comandos Anfibios.<\/p>\n\n\n\n<p class=\"fs-5\">\u2013 Medalla de Honorifica \u201cCurso Post Grado en Did\u00e1ctica Superior (Paraguay).<\/p>\n","protected":false},"excerpt":{"rendered":"<p>Cap N DEM MARCOS ADRIAN RIVAS ROJASCOMANDANTE DATOS PERSONALES Naci\u00f3 en la ciudad de Asunci\u00f3n, Paraguay, en fecha 05 de abril de 1972. Por Decreto N\u00b0 11.273 de fecha 14 de noviembre de 1995, ascendido al grado de Guardiamarina del arma Combatiente.Por Orden General del Comando de la Armada N\u00b0 197 de fecha 25 de [&hellip;]<\/p>\n","protected":false},"author":1,"featured_media":0,"parent":0,"menu_order":0,"comment_status":"closed","ping_status":"closed","template":"page-nosidebar.php","meta":{"footnotes":""},"class_list":["post-567","page","type-page","status-publish","hentry"],"_links":{"self":[{"href":"https:\/\/ffmm.mil.py\/armadaparaguaya\/wp-json\/wp\/v2\/pages\/567","targetHints":{"allow":["GET"]}}],"collection":[{"href":"https:\/\/ffmm.mil.py\/armadaparaguaya\/wp-json\/wp\/v2\/pages"}],"about":[{"href":"https:\/\/ffmm.mil.py\/armadaparaguaya\/wp-json\/wp\/v2\/types\/page"}],"author":[{"embeddable":true,"href":"https:\/\/ffmm.mil.py\/armadaparaguaya\/wp-json\/wp\/v2\/users\/1"}],"replies":[{"embeddable":true,"href":"https:\/\/ffmm.mil.py\/armadaparaguaya\/wp-json\/wp\/v2\/comments?post=567"}],"version-history":[{"count":1,"href":"https:\/\/ffmm.mil.py\/armadaparaguaya\/wp-json\/wp\/v2\/pages\/567\/revisions"}],"predecessor-version":[{"id":568,"href":"https:\/\/ffmm.mil.py\/armadaparaguaya\/wp-json\/wp\/v2\/pages\/567\/revisions\/568"}],"wp:attachment":[{"href":"https:\/\/ffmm.mil.py\/armadaparaguaya\/wp-json\/wp\/v2\/media?parent=567"}],"curies":[{"name":"wp","href":"https:\/\/api.w.org\/{rel}","templated":true}]}}