{"id":6,"date":"2025-07-09T20:03:35","date_gmt":"2025-07-09T18:03:35","guid":{"rendered":"https:\/\/migracion.ffmm.mil.py\/armadaparaguaya\/?page_id=6"},"modified":"2025-07-24T18:35:18","modified_gmt":"2025-07-24T16:35:18","slug":"inicio","status":"publish","type":"page","link":"https:\/\/ffmm.mil.py\/armadaparaguaya\/","title":{"rendered":"Inicio"},"content":{"rendered":"\n<div class=\"wp-block-columns is-layout-flex wp-container-core-columns-is-layout-28f84493 wp-block-columns-is-layout-flex\">\n<div class=\"wp-block-column contentsidebar has-mitic-gray-200-background-color has-background is-layout-flow wp-container-core-column-is-layout-e62f6290 wp-block-column-is-layout-flow\" style=\"border-radius:0px;flex-basis:25%\">\n<div class=\"wp-block-group is-vertical is-layout-flex wp-container-core-group-is-layout-fe9cc265 wp-block-group-is-layout-flex\">\n<h5 class=\"wp-block-heading mb-3\">Buscar en el sitio<\/h5>\n<\/div>\n\n\n<form role=\"search\" method=\"get\" action=\"https:\/\/ffmm.mil.py\/armadaparaguaya\/\" class=\"wp-block-search__button-outside wp-block-search__text-button wp-block-search\"    ><label class=\"wp-block-search__label\" for=\"wp-block-search__input-1\" >Buscar<\/label><div class=\"wp-block-search__inside-wrapper\" ><input class=\"wp-block-search__input\" id=\"wp-block-search__input-1\" placeholder=\"\" value=\"\" type=\"search\" name=\"s\" required \/><button aria-label=\"Buscar\" class=\"wp-block-search__button wp-element-button\" type=\"submit\" >Buscar<\/button><\/div><\/form>\n\n\n<p><\/p>\n\n\n\n<h5 class=\"wp-block-heading mt-5\">Principales secciones<\/h5>\n\n\n\n<ul class=\"wp-block-list\"><\/ul>\n\n\n<nav class=\"is-responsive items-justified-left is-vertical mt-2 wp-block-navigation is-content-justification-left is-layout-flex wp-container-core-navigation-is-layout-810fbbe0 wp-block-navigation-is-layout-flex\" aria-label=\"Men\u00fa\" \n\t\t data-wp-interactive=\"core\/navigation\" data-wp-context='{\"overlayOpenedBy\":{\"click\":false,\"hover\":false,\"focus\":false},\"type\":\"overlay\",\"roleAttribute\":\"\",\"ariaLabel\":\"Men\\u00fa\"}'><button aria-haspopup=\"dialog\" aria-label=\"Abrir el men\u00fa\" class=\"wp-block-navigation__responsive-container-open\" \n\t\t\t\tdata-wp-on--click=\"actions.openMenuOnClick\"\n\t\t\t\tdata-wp-on--keydown=\"actions.handleMenuKeydown\"\n\t\t\t><svg width=\"24\" height=\"24\" xmlns=\"http:\/\/www.w3.org\/2000\/svg\" viewBox=\"0 0 24 24\" aria-hidden=\"true\" focusable=\"false\"><path d=\"M4 7.5h16v1.5H4z\"><\/path><path d=\"M4 15h16v1.5H4z\"><\/path><\/svg><\/button>\n\t\t\t\t<div class=\"wp-block-navigation__responsive-container\"  id=\"modal-2\" \n\t\t\t\tdata-wp-class--has-modal-open=\"state.isMenuOpen\"\n\t\t\t\tdata-wp-class--is-menu-open=\"state.isMenuOpen\"\n\t\t\t\tdata-wp-watch=\"callbacks.initMenu\"\n\t\t\t\tdata-wp-on--keydown=\"actions.handleMenuKeydown\"\n\t\t\t\tdata-wp-on--focusout=\"actions.handleMenuFocusout\"\n\t\t\t\ttabindex=\"-1\"\n\t\t\t>\n\t\t\t\t\t<div class=\"wp-block-navigation__responsive-close\" tabindex=\"-1\">\n\t\t\t\t\t\t<div class=\"wp-block-navigation__responsive-dialog\" \n\t\t\t\tdata-wp-bind--aria-modal=\"state.ariaModal\"\n\t\t\t\tdata-wp-bind--aria-label=\"state.ariaLabel\"\n\t\t\t\tdata-wp-bind--role=\"state.roleAttribute\"\n\t\t\t>\n\t\t\t\t\t\t\t<button aria-label=\"Cerrar el men\u00fa\" class=\"wp-block-navigation__responsive-container-close\" \n\t\t\t\tdata-wp-on--click=\"actions.closeMenuOnClick\"\n\t\t\t><svg xmlns=\"http:\/\/www.w3.org\/2000\/svg\" viewBox=\"0 0 24 24\" width=\"24\" height=\"24\" aria-hidden=\"true\" focusable=\"false\"><path d=\"m13.06 12 6.47-6.47-1.06-1.06L12 10.94 5.53 4.47 4.47 5.53 10.94 12l-6.47 6.47 1.06 1.06L12 13.06l6.47 6.47 1.06-1.06L13.06 12Z\"><\/path><\/svg><\/button>\n\t\t\t\t\t\t\t<div class=\"wp-block-navigation__responsive-container-content\" \n\t\t\t\tdata-wp-watch=\"callbacks.focusFirstElement\"\n\t\t\t id=\"modal-2-content\">\n\t\t\t\t\t\t\t\t<ul class=\"wp-block-navigation__container is-responsive items-justified-left is-vertical mt-2 wp-block-navigation\"><li class=\" wp-block-navigation-item wp-block-navigation-link\"><a class=\"wp-block-navigation-item__content\"  href=\"https:\/\/ffmm.mil.py\/armadaparaguaya\/informaciones\/\"><span class=\"wp-block-navigation-item__label\">Informaciones<\/span><\/a><\/li><li class=\" wp-block-navigation-item wp-block-navigation-link\"><a class=\"wp-block-navigation-item__content\"  href=\"https:\/\/ffmm.mil.py\/armadaparaguaya\/mision-y-vision\/\"><span class=\"wp-block-navigation-item__label\">Misi\u00f3n y Visi\u00f3n<\/span><\/a><\/li><li class=\" wp-block-navigation-item wp-block-navigation-link\"><a class=\"wp-block-navigation-item__content\"  href=\"https:\/\/armadaparaguaya.mil.py\/webcf3_consulta\/admin\/vistas\/login.php\"><span class=\"wp-block-navigation-item__label\">Centro Financiero<\/span><\/a><\/li><li class=\" wp-block-navigation-item wp-block-navigation-link\"><a class=\"wp-block-navigation-item__content\"  href=\"https:\/\/ffmm.mil.py\/armadaparaguaya\/comandante\/\"><span class=\"wp-block-navigation-item__label\">Autoridades<\/span><\/a><\/li><li class=\" wp-block-navigation-item wp-block-navigation-link\"><a class=\"wp-block-navigation-item__content\"  href=\"https:\/\/ffmm.mil.py\/armadaparaguaya\/organigrama\/\"><span class=\"wp-block-navigation-item__label\">Organigrama<\/span><\/a><\/li><li class=\" wp-block-navigation-item wp-block-navigation-link\"><a class=\"wp-block-navigation-item__content\"  href=\"https:\/\/dgafmil.mitic.gov.py\/index.php\/transparencia\/centro-financiero-n-3\"><span class=\"wp-block-navigation-item__label\">Transparencia<\/span><\/a><\/li><li class=\" wp-block-navigation-item wp-block-navigation-link\"><a class=\"wp-block-navigation-item__content\"  href=\"#\"><span class=\"wp-block-navigation-item__label\">Resoluciones<\/span><\/a><\/li><li class=\" wp-block-navigation-item wp-block-navigation-link\"><a class=\"wp-block-navigation-item__content\"  href=\"https:\/\/correo.armadaparaguaya.mil.py\/\"><span class=\"wp-block-navigation-item__label\">Correos Institucionales<\/span><\/a><\/li><li class=\" wp-block-navigation-item wp-block-navigation-link\"><a class=\"wp-block-navigation-item__content\"  href=\"https:\/\/ffmm.mil.py\/armadaparaguaya\/camas\/\"><span class=\"wp-block-navigation-item__label\">Coordinador del \u00c1rea Mar\u00edtima del Atl\u00e1ntico Sur (CAMAS)<\/span><\/a><\/li><\/ul>\n\t\t\t\t\t\t\t<\/div>\n\t\t\t\t\t\t<\/div>\n\t\t\t\t\t<\/div>\n\t\t\t\t<\/div><\/nav><\/div>\n\n\n\n<div class=\"wp-block-column is-layout-flow wp-block-column-is-layout-flow\" style=\"flex-basis:50%\">\n<div style=\"height:5px\" aria-hidden=\"true\" class=\"wp-block-spacer\"><\/div>\n\n\n\n<h5 class=\"wp-block-heading has-mitic-gray-700-color has-text-color has-link-color wp-elements-5c0305a6ffbce44943f27a9534c24eaa\">\u00daltimas noticias publicadas<\/h5>\n\n\n<div class=\"wp-block-query blog-home is-layout-flow wp-block-query-is-layout-flow\"><div class=\"wp-block-columns alignwide is-layout-flex news-item\"><div class=\"wp-block-column wp-block-post-featured-image\"><a href=\"https:\/\/ffmm.mil.py\/armadaparaguaya\/2025\/07\/07\/inauguracion-oficial-del-destacamento-naval-y-de-prefectura-de-puerto-rosario\/\"><img fetchpriority=\"high\" decoding=\"async\" width=\"700\" height=\"450\" src=\"https:\/\/ffmm.mil.py\/armadaparaguaya\/wp-content\/uploads\/sites\/6\/2025\/07\/515941350_729390493130303_2293847409536621342_n-700x450-1.jpg\" class=\"attachment-large size-large wp-post-image wp-post-image\" alt=\"\" srcset=\"https:\/\/ffmm.mil.py\/armadaparaguaya\/wp-content\/uploads\/sites\/6\/2025\/07\/515941350_729390493130303_2293847409536621342_n-700x450-1.jpg 700w, https:\/\/ffmm.mil.py\/armadaparaguaya\/wp-content\/uploads\/sites\/6\/2025\/07\/515941350_729390493130303_2293847409536621342_n-700x450-1-300x193.jpg 300w\" sizes=\"(max-width: 700px) 100vw, 700px\" \/><\/a><\/div><div class=\"wp-block-column\"><h2 class=\"wp-block-post-title\"><a href=\"https:\/\/ffmm.mil.py\/armadaparaguaya\/2025\/07\/07\/inauguracion-oficial-del-destacamento-naval-y-de-prefectura-de-puerto-rosario\/\">INAUGURACI\u00d3N OFICIAL DEL DESTACAMENTO NAVAL Y DE PREFECTURA DE PUERTO ROSARIO<\/a><\/h2><p class=\"post-date my-2\">7 de julio de 2025<\/p><div class=\"wp-block-post-excerpt\">El Ministerio de Defensa Nacional, el Comando de la Fuerzas Militares y la Armada Paraguaya han realizado importantes inversiones f\u00edsicas con las...<\/div><\/div><\/div><div class=\"wp-block-columns alignwide is-layout-flex news-item\"><div class=\"wp-block-column wp-block-post-featured-image\"><a href=\"https:\/\/ffmm.mil.py\/armadaparaguaya\/2025\/07\/07\/inauguracion-oficial-del-destacamento-naval-y-de-prefectura-de-puerto-antequera\/\"><img decoding=\"async\" width=\"700\" height=\"450\" src=\"https:\/\/ffmm.mil.py\/armadaparaguaya\/wp-content\/uploads\/sites\/6\/2025\/07\/516493695_729386269797392_6984206964217499919_n-700x450-1.jpg\" class=\"attachment-large size-large wp-post-image wp-post-image\" alt=\"\" srcset=\"https:\/\/ffmm.mil.py\/armadaparaguaya\/wp-content\/uploads\/sites\/6\/2025\/07\/516493695_729386269797392_6984206964217499919_n-700x450-1.jpg 700w, https:\/\/ffmm.mil.py\/armadaparaguaya\/wp-content\/uploads\/sites\/6\/2025\/07\/516493695_729386269797392_6984206964217499919_n-700x450-1-300x193.jpg 300w\" sizes=\"(max-width: 700px) 100vw, 700px\" \/><\/a><\/div><div class=\"wp-block-column\"><h2 class=\"wp-block-post-title\"><a href=\"https:\/\/ffmm.mil.py\/armadaparaguaya\/2025\/07\/07\/inauguracion-oficial-del-destacamento-naval-y-de-prefectura-de-puerto-antequera\/\">INAUGURACI\u00d3N OFICIAL DEL DESTACAMENTO NAVAL Y DE PREFECTURA DE PUERTO ANTEQUERA<\/a><\/h2><p class=\"post-date my-2\">7 de julio de 2025<\/p><div class=\"wp-block-post-excerpt\">El Ministerio de Defensa Nacional, el Comando de la Fuerzas Militares y la Armada Paraguaya han realizado importantes inversiones f\u00edsicas con las...<\/div><\/div><\/div><div class=\"wp-block-columns alignwide is-layout-flex news-item\"><div class=\"wp-block-column wp-block-post-featured-image\"><a href=\"https:\/\/ffmm.mil.py\/armadaparaguaya\/2025\/07\/07\/inauguracion-oficial-del-destacamento-naval-y-de-prefectura-de-san-carlos-del-apa\/\"><img decoding=\"async\" width=\"700\" height=\"450\" src=\"https:\/\/ffmm.mil.py\/armadaparaguaya\/wp-content\/uploads\/sites\/6\/2025\/07\/516522128_729380979797921_8616063113968692280_n-700x450-1.jpg\" class=\"attachment-large size-large wp-post-image wp-post-image\" alt=\"\" srcset=\"https:\/\/ffmm.mil.py\/armadaparaguaya\/wp-content\/uploads\/sites\/6\/2025\/07\/516522128_729380979797921_8616063113968692280_n-700x450-1.jpg 700w, https:\/\/ffmm.mil.py\/armadaparaguaya\/wp-content\/uploads\/sites\/6\/2025\/07\/516522128_729380979797921_8616063113968692280_n-700x450-1-300x193.jpg 300w\" sizes=\"(max-width: 700px) 100vw, 700px\" \/><\/a><\/div><div class=\"wp-block-column\"><h2 class=\"wp-block-post-title\"><a href=\"https:\/\/ffmm.mil.py\/armadaparaguaya\/2025\/07\/07\/inauguracion-oficial-del-destacamento-naval-y-de-prefectura-de-san-carlos-del-apa\/\">INAUGURACI\u00d3N OFICIAL DEL DESTACAMENTO NAVAL Y DE PREFECTURA DE SAN CARLOS DEL APA<\/a><\/h2><p class=\"post-date my-2\">7 de julio de 2025<\/p><div class=\"wp-block-post-excerpt\">El Ministerio de Defensa Nacional, el Comando de la Fuerzas Militares y la Armada Paraguaya han realizado importantes inversiones f\u00edsicas con las...<\/div><\/div><\/div><div class=\"wp-block-columns alignwide is-layout-flex news-item\"><div class=\"wp-block-column wp-block-post-featured-image\"><a href=\"https:\/\/ffmm.mil.py\/armadaparaguaya\/2025\/06\/24\/patrulla-fluvial-combinada-en-zona-de-confluencia\/\"><img loading=\"lazy\" decoding=\"async\" width=\"700\" height=\"450\" src=\"https:\/\/ffmm.mil.py\/armadaparaguaya\/wp-content\/uploads\/sites\/6\/2025\/07\/503474332_18318123244231278_5194570860791398846_n-700x450-1.jpeg\" class=\"attachment-large size-large wp-post-image wp-post-image\" alt=\"\" srcset=\"https:\/\/ffmm.mil.py\/armadaparaguaya\/wp-content\/uploads\/sites\/6\/2025\/07\/503474332_18318123244231278_5194570860791398846_n-700x450-1.jpeg 700w, https:\/\/ffmm.mil.py\/armadaparaguaya\/wp-content\/uploads\/sites\/6\/2025\/07\/503474332_18318123244231278_5194570860791398846_n-700x450-1-300x193.jpeg 300w\" sizes=\"(max-width: 700px) 100vw, 700px\" \/><\/a><\/div><div class=\"wp-block-column\"><h2 class=\"wp-block-post-title\"><a href=\"https:\/\/ffmm.mil.py\/armadaparaguaya\/2025\/06\/24\/patrulla-fluvial-combinada-en-zona-de-confluencia\/\">PATRULLA FLUVIAL COMBINADA EN ZONA DE CONFLUENCIA<\/a><\/h2><p class=\"post-date my-2\">24 de junio de 2025<\/p><div class=\"wp-block-post-excerpt\">El Destacamento Naval y de Prefectura Paso de Patria, realiza patrulla fluvial combinada con la Prefectura Naval Argentina, por zonas de responsabilidad...<\/div><\/div><\/div><div class=\"wp-block-columns alignwide is-layout-flex news-item\"><div class=\"wp-block-column wp-block-post-featured-image\"><a href=\"https:\/\/ffmm.mil.py\/armadaparaguaya\/2025\/06\/18\/1-300-personas-atendidas-en-la-jornada-medica-gratuita-en-villa-del-rosario\/\"><img loading=\"lazy\" decoding=\"async\" width=\"700\" height=\"450\" src=\"https:\/\/ffmm.mil.py\/armadaparaguaya\/wp-content\/uploads\/sites\/6\/2025\/07\/506896896_712505098152176_4393072935050886849_n-700x450-1.jpg\" class=\"attachment-large size-large wp-post-image wp-post-image\" alt=\"\" srcset=\"https:\/\/ffmm.mil.py\/armadaparaguaya\/wp-content\/uploads\/sites\/6\/2025\/07\/506896896_712505098152176_4393072935050886849_n-700x450-1.jpg 700w, https:\/\/ffmm.mil.py\/armadaparaguaya\/wp-content\/uploads\/sites\/6\/2025\/07\/506896896_712505098152176_4393072935050886849_n-700x450-1-300x193.jpg 300w\" sizes=\"(max-width: 700px) 100vw, 700px\" \/><\/a><\/div><div class=\"wp-block-column\"><h2 class=\"wp-block-post-title\"><a href=\"https:\/\/ffmm.mil.py\/armadaparaguaya\/2025\/06\/18\/1-300-personas-atendidas-en-la-jornada-medica-gratuita-en-villa-del-rosario\/\">1.300 PERSONAS ATENDIDAS EN LA JORNADA M\u00c9DICA GRATUITA EN VILLA DEL ROSARIO<\/a><\/h2><p class=\"post-date my-2\">18 de junio de 2025<\/p><div class=\"wp-block-post-excerpt\">El Gobierno del Paraguay, a trav\u00e9s del Ministerio de Defensa Nacional, el Comando de las Fuerzas Militares y la Armada Paraguaya con...<\/div><\/div><\/div><\/div>\n<\/div>\n\n\n\n<div class=\"wp-block-column is-layout-flow wp-block-column-is-layout-flow\">\n<div style=\"height:10px\" aria-hidden=\"true\" class=\"wp-block-spacer\"><\/div>\n\n\n\n<div class=\"wp-block-group is-vertical is-layout-flex wp-container-core-group-is-layout-fe9cc265 wp-block-group-is-layout-flex\">\n<figure class=\"wp-block-image size-full\"><img decoding=\"async\" src=\"https:\/\/cimefor.mil.py\/wp-content\/uploads\/2025\/06\/rendicion-al-ciudadano-300x196-1.jpg\" alt=\"\" class=\"wp-image-159\"\/><\/figure>\n<\/div>\n\n\n\n<figure class=\"wp-block-image size-full\"><img decoding=\"async\" src=\"https:\/\/cimefor.mil.py\/wp-content\/uploads\/2025\/06\/Transparencia-300x119-1.png\" alt=\"\" class=\"wp-image-160\"\/><\/figure>\n\n\n\n<figure class=\"wp-block-image size-full\"><img decoding=\"async\" src=\"https:\/\/cimefor.mil.py\/wp-content\/uploads\/2025\/06\/elegi-tu-tramite-en-linea-izquierda-300x119-1.gif\" alt=\"\" class=\"wp-image-161\"\/><\/figure>\n<\/div>\n<\/div>\n\n\n\n<p><\/p>\n","protected":false},"excerpt":{"rendered":"<p>Buscar en el sitio Principales secciones \u00daltimas noticias publicadas<\/p>\n","protected":false},"author":1,"featured_media":0,"parent":0,"menu_order":0,"comment_status":"closed","ping_status":"closed","template":"page-nosidebar.php","meta":{"footnotes":""},"class_list":["post-6","page","type-page","status-publish","hentry"],"_links":{"self":[{"href":"https:\/\/ffmm.mil.py\/armadaparaguaya\/wp-json\/wp\/v2\/pages\/6","targetHints":{"allow":["GET"]}}],"collection":[{"href":"https:\/\/ffmm.mil.py\/armadaparaguaya\/wp-json\/wp\/v2\/pages"}],"about":[{"href":"https:\/\/ffmm.mil.py\/armadaparaguaya\/wp-json\/wp\/v2\/types\/page"}],"author":[{"embeddable":true,"href":"https:\/\/ffmm.mil.py\/armadaparaguaya\/wp-json\/wp\/v2\/users\/1"}],"replies":[{"embeddable":true,"href":"https:\/\/ffmm.mil.py\/armadaparaguaya\/wp-json\/wp\/v2\/comments?post=6"}],"version-history":[{"count":4,"href":"https:\/\/ffmm.mil.py\/armadaparaguaya\/wp-json\/wp\/v2\/pages\/6\/revisions"}],"predecessor-version":[{"id":70,"href":"https:\/\/ffmm.mil.py\/armadaparaguaya\/wp-json\/wp\/v2\/pages\/6\/revisions\/70"}],"wp:attachment":[{"href":"https:\/\/ffmm.mil.py\/armadaparaguaya\/wp-json\/wp\/v2\/media?parent=6"}],"curies":[{"name":"wp","href":"https:\/\/api.w.org\/{rel}","templated":true}]}}