{"id":31,"date":"2025-07-09T20:31:33","date_gmt":"2025-07-09T18:31:33","guid":{"rendered":"https:\/\/migracion.ffmm.mil.py\/ejercito\/?page_id=31"},"modified":"2025-07-24T20:24:15","modified_gmt":"2025-07-24T18:24:15","slug":"comandante","status":"publish","type":"page","link":"https:\/\/ffmm.mil.py\/ejercito\/comandante\/","title":{"rendered":"Comandante"},"content":{"rendered":"\n<div class=\"wp-block-columns is-layout-flex wp-container-core-columns-is-layout-28f84493 wp-block-columns-is-layout-flex\">\n<div class=\"wp-block-column is-layout-flow wp-block-column-is-layout-flow\"><\/div>\n\n\n\n<div class=\"wp-block-column is-layout-flow wp-block-column-is-layout-flow\"><\/div>\n<\/div>\n\n\n<div class=\"wp-block-image\">\n<figure class=\"aligncenter size-full\"><img fetchpriority=\"high\" decoding=\"async\" width=\"267\" height=\"400\" src=\"https:\/\/cimefor.mil.py\/ejercito\/wp-content\/uploads\/sites\/7\/2025\/07\/comandate-267x400-1.jpg\" alt=\"\" class=\"wp-image-139\" srcset=\"https:\/\/ffmm.mil.py\/ejercito\/wp-content\/uploads\/sites\/7\/2025\/07\/comandate-267x400-1.jpg 267w, https:\/\/ffmm.mil.py\/ejercito\/wp-content\/uploads\/sites\/7\/2025\/07\/comandate-267x400-1-200x300.jpg 200w\" sizes=\"(max-width: 267px) 100vw, 267px\" \/><\/figure>\n<\/div>\n\n\n<h2 class=\"wp-block-heading has-text-align-center\">GRAL EJTO MANUEL RODR\u00cdGUEZ SOSA<\/h2>\n\n\n\n<h2 class=\"wp-block-heading has-text-align-center\">Comandante del Ej\u00e9rcito<\/h2>\n\n\n\n<h6 class=\"wp-block-heading my-5\"><a href=\"https:\/\/ffmm.mil.py\/ejercito\/wp-content\/uploads\/sites\/7\/2025\/07\/CURRICULUM-GRAL-RODRIGUEZ-2024-actual.pdf\" target=\"_blank\" rel=\"noreferrer noopener\">CURRICULUM VITAE<\/a><\/h6>\n\n\n\n<p class=\"has-text-align-left\"><strong>DATOS PERSONALES<\/strong><\/p>\n\n\n\n<p>NOMBRE Y APELLIDO: MANUEL RODR\u00cdGUEZ SOSA<\/p>\n\n\n\n<p>GRADO: GENERAL DE EJ\u00c9RCITO<\/p>\n\n\n\n<p>ARMA: INFANTER\u00cdA<\/p>\n\n\n\n<p>DESTINO Y CARGO ACTUAL: COMANDO DEL EJ\u00c9RCITO \u2013 COMANDANTE.<\/p>\n\n\n\n<p>FECHA DE NACIMIENTO: 04\/ENERO\/1968<\/p>\n\n\n\n<p>LUGAR DE NACIMIENTO: LUQUE<\/p>\n\n\n\n<p>C. I. N\u00b0: 1.045.351<\/p>\n\n\n\n<p>C. I. M.: 81.1098.18<\/p>\n\n\n\n<p>EDAD: 56 A\u00d1OS<\/p>\n\n\n\n<p>ESTADO CIVIL: CASADO<\/p>\n\n\n\n<p>CIUDAD: LUQUE<\/p>\n\n\n\n<p>IDIOMAS: CASTELLANO \u2013 GUARAN\u00cd \u2013 PORTUGU\u00c9S E INGL\u00c9S.<\/p>\n\n\n\n<p><strong>FORMACI\u00d3N<\/strong><strong>&nbsp;<\/strong><strong>ACAD\u00c9MICA<\/strong><\/p>\n\n\n\n<ul class=\"wp-block-list\">\n<li>NIVEL PRIMARIO: Escuela Mariscal Jos\u00e9 F. Estigarribia (Luque)<br>Colegio Santa Teresita del Ni\u00f1o Jes\u00fas (Ciudad del Este)<br>Colegio San Jos\u00e9 FVD (Asunci\u00f3n)<\/li>\n\n\n\n<li>NIVEL SECUNDARIO: Liceo Militar \u201cAcosta \u00d1u\u201d<\/li>\n\n\n\n<li>NIVEL TERCIARIO: Academia Militar \u201cMariscal Francisco Solano L\u00f3pez\u201d<\/li>\n\n\n\n<li>NIVEL UNIVERSITARIO: Universidad Nacional De Asunci\u00f3n \u2013 Derecho<\/li>\n<\/ul>\n\n\n\n<p><strong>T\u00cdTULOS OBTENIDOS<\/strong><\/p>\n\n\n\n<ul class=\"wp-block-list\">\n<li>Licenciado en Ciencias Militares por la Academia Militar \u201cMcal. Francisco S. L\u00f3pez\u201d<br>(Mejor alumno y mejor egresado). A\u00f1o 1989.<\/li>\n\n\n\n<li>Maestr\u00eda en Operaciones Militares por la Escuela de Perfeccionamiento de Oficiales del<br>Ej\u00e9rcito. (Mejor egresado). A\u00f1o 2000.<\/li>\n\n\n\n<li>T\u00e9cnico Superior en Ingles Americano por el Centro de Idiomas del Ej\u00e9rcito. (Mejor<br>egresado). A\u00f1o 2003<\/li>\n\n\n\n<li>Maestr\u00eda en Ciencias Militares por la Escuela de Comando y Estado Mayor del Ej\u00e9rcito.<br>(Mejor egresado). A\u00f1o 2005<\/li>\n\n\n\n<li>Postgrado Universitario Lato Sensu en Ciencias Militares por la Escuela de Comando y<br>Estado Mayor del Ej\u00e9rcito del Brasil. A\u00f1o 2006<\/li>\n\n\n\n<li>Especializaci\u00f3n en Planificaci\u00f3n Estrat\u00e9gica Nacional CEPEN por el Instituto de Altos<br>Estudios Estrat\u00e9gicos (IAEE). A\u00f1o 2013<\/li>\n\n\n\n<li>Maestr\u00eda en Planificaci\u00f3n y Conducci\u00f3n Estrat\u00e9gica Nacional. Instituto de Altos Estudios<br>Estrat\u00e9gicos. A\u00f1o 2014<\/li>\n\n\n\n<li>Especializaci\u00f3n en Did\u00e1ctica Superior Militar por el Centro de Capacitaci\u00f3n Pedag\u00f3gica<br>del CIMEE. A\u00f1o 2020-2021.<\/li>\n<\/ul>\n\n\n\n<p><strong>OTROS ESTUDIOS (FUERA DEL \u00c1MBITO MILITAR)<\/strong><\/p>\n\n\n\n<ul class=\"wp-block-list\">\n<li>Postgrado en Did\u00e1ctica Superior Universitaria por la Universidad Tecnol\u00f3gica<br>Intercontinental UTIC. A\u00f1o 2005.<\/li>\n\n\n\n<li>T\u00edtulo de Abogado de la Facultad de Derecho y Ciencias Sociales de la Universidad<br>Nacional de Asunci\u00f3n. A\u00f1o 2021.<\/li>\n\n\n\n<li>T\u00edtulo de Doctorado en Defensa del Instituto de Altos Estudios Estrat\u00e9gicos. A\u00f1o 2023.<\/li>\n<\/ul>\n\n\n\n<p><strong>L E G A J O&nbsp; P E R S O N A L<\/strong><\/p>\n\n\n\n<p><strong>NOMBRES<\/strong>: MANUEL NOMBRES<br><strong>APELLIDOS<\/strong>: RODRIGUEZ SOSA<br><strong>GRADO<\/strong>: GRAL DIV ARMA: INFANTER\u00cdA CCEM : DCEM<br><strong>CATEG<\/strong>.: OFICIAL<br><strong>FUERZA<\/strong>: EJERCITO<br><strong>CUADRO<\/strong>: PERMANENTE<br><strong>SITUACI\u00d3N DEL PERSONAL<\/strong><br><strong>SERVICIO EFECTIVO A LA FECHA<\/strong>: 33 A\u00d1O\/S 0 MES\/S 6 DIA\/S PROM.: 1.989<br><strong>FECHA Y LUGAR DE NACIMIENTO<\/strong>: 4\/01\/1968 EN LUQUE<br><strong>UNIDAD DE INGRESO A LAS FF AA<\/strong>: LICEMIL-1<br><strong>UNIDAD ACTUA<\/strong>L: COMANDO DEL EJ\u00c9RCITO-CG<br><strong>EN CAR\u00c1CTER DE<\/strong>: CADETE POR O.E. 34 DEL 30\/04\/1981<br><strong>ESPECIALIDAD SECUNDARIA<\/strong>: NRO.MATRICULA: 81-1098-18<br><strong>NRO.CEDULA<\/strong>&nbsp;ID.CIV.:1.045.351<br><strong>NRO.DE LEGAJO<\/strong>: 10.149<br><strong>NRO.DE PRONTUARIO<\/strong>: 25.704<br><strong>NOMBRE DEL PADRE<\/strong>: RODRIGUEZ MENDOZA, MANUEL<br><strong>NOMBRE DE LA MADRE<\/strong>: SOSA, ALEJANDRA<br><strong>ESTADO CIVIL<\/strong>: CASADO<br><strong>HIJOS<\/strong>: 3<\/p>\n","protected":false},"excerpt":{"rendered":"<p>GRAL EJTO MANUEL RODR\u00cdGUEZ SOSA Comandante del Ej\u00e9rcito CURRICULUM VITAE DATOS PERSONALES NOMBRE Y APELLIDO: MANUEL RODR\u00cdGUEZ SOSA GRADO: GENERAL DE EJ\u00c9RCITO ARMA: INFANTER\u00cdA DESTINO Y CARGO ACTUAL: COMANDO DEL EJ\u00c9RCITO \u2013 COMANDANTE. FECHA DE NACIMIENTO: 04\/ENERO\/1968 LUGAR DE NACIMIENTO: LUQUE C. I. N\u00b0: 1.045.351 C. I. M.: 81.1098.18 EDAD: 56 A\u00d1OS ESTADO CIVIL: CASADO [&hellip;]<\/p>\n","protected":false},"author":1,"featured_media":0,"parent":0,"menu_order":0,"comment_status":"closed","ping_status":"closed","template":"page-nosidebar.php","meta":{"footnotes":""},"class_list":["post-31","page","type-page","status-publish","hentry"],"_links":{"self":[{"href":"https:\/\/ffmm.mil.py\/ejercito\/wp-json\/wp\/v2\/pages\/31","targetHints":{"allow":["GET"]}}],"collection":[{"href":"https:\/\/ffmm.mil.py\/ejercito\/wp-json\/wp\/v2\/pages"}],"about":[{"href":"https:\/\/ffmm.mil.py\/ejercito\/wp-json\/wp\/v2\/types\/page"}],"author":[{"embeddable":true,"href":"https:\/\/ffmm.mil.py\/ejercito\/wp-json\/wp\/v2\/users\/1"}],"replies":[{"embeddable":true,"href":"https:\/\/ffmm.mil.py\/ejercito\/wp-json\/wp\/v2\/comments?post=31"}],"version-history":[{"count":5,"href":"https:\/\/ffmm.mil.py\/ejercito\/wp-json\/wp\/v2\/pages\/31\/revisions"}],"predecessor-version":[{"id":304,"href":"https:\/\/ffmm.mil.py\/ejercito\/wp-json\/wp\/v2\/pages\/31\/revisions\/304"}],"wp:attachment":[{"href":"https:\/\/ffmm.mil.py\/ejercito\/wp-json\/wp\/v2\/media?parent=31"}],"curies":[{"name":"wp","href":"https:\/\/api.w.org\/{rel}","templated":true}]}}