{"id":63,"date":"2025-07-09T20:44:00","date_gmt":"2025-07-09T18:44:00","guid":{"rendered":"https:\/\/migracion.ffmm.mil.py\/ejercito\/?page_id=63"},"modified":"2025-07-11T00:38:42","modified_gmt":"2025-07-10T22:38:42","slug":"mecip","status":"publish","type":"page","link":"https:\/\/ffmm.mil.py\/ejercito\/mecip\/","title":{"rendered":"MECIP"},"content":{"rendered":"<div class=\"wp-block-image\">\n<figure class=\"aligncenter size-full\"><img decoding=\"async\" width=\"300\" height=\"92\" src=\"https:\/\/cimefor.mil.py\/ejercito\/wp-content\/uploads\/sites\/7\/2025\/07\/logo_mecip-300x92-2.webp\" alt=\"\" class=\"wp-image-213\"\/><\/figure>\n<\/div>\n\n\n<div style=\"height:100px\" aria-hidden=\"true\" class=\"wp-block-spacer\"><\/div>\n\n\n\n<div class=\"wp-block-columns is-layout-flex wp-container-core-columns-is-layout-28f84493 wp-block-columns-is-layout-flex\">\n<div class=\"wp-block-column is-layout-flow wp-block-column-is-layout-flow\"><div class=\"wp-block-image\">\n<figure class=\"aligncenter size-full\"><img decoding=\"async\" width=\"77\" height=\"55\" src=\"https:\/\/cimefor.mil.py\/ejercito\/wp-content\/uploads\/sites\/7\/2025\/07\/image-7.png\" alt=\"\" class=\"wp-image-215\"\/><\/figure>\n<\/div><\/div>\n\n\n\n<div class=\"wp-block-column is-layout-flow wp-block-column-is-layout-flow\"><div class=\"wp-block-image\">\n<figure class=\"aligncenter size-full\"><img decoding=\"async\" width=\"66\" height=\"47\" src=\"https:\/\/cimefor.mil.py\/ejercito\/wp-content\/uploads\/sites\/7\/2025\/07\/image-8.png\" alt=\"\" class=\"wp-image-216\"\/><\/figure>\n<\/div><\/div>\n\n\n\n<div class=\"wp-block-column is-layout-flow wp-block-column-is-layout-flow\"><div class=\"wp-block-image\">\n<figure class=\"aligncenter size-full\"><img loading=\"lazy\" decoding=\"async\" width=\"68\" height=\"49\" src=\"https:\/\/cimefor.mil.py\/ejercito\/wp-content\/uploads\/sites\/7\/2025\/07\/image-9.png\" alt=\"\" class=\"wp-image-217\"\/><\/figure>\n<\/div><\/div>\n<\/div>\n\n\n\n<div class=\"wp-block-columns is-layout-flex wp-container-core-columns-is-layout-28f84493 wp-block-columns-is-layout-flex\">\n<div class=\"wp-block-column is-layout-flow wp-block-column-is-layout-flow\">\n<h2 class=\"wp-block-heading has-text-align-center\">Misi\u00f3n<\/h2>\n<\/div>\n\n\n\n<div class=\"wp-block-column is-layout-flow wp-block-column-is-layout-flow\">\n<h2 class=\"wp-block-heading has-text-align-center\">Visi\u00f3n<\/h2>\n<\/div>\n\n\n\n<div class=\"wp-block-column is-layout-flow wp-block-column-is-layout-flow\">\n<h2 class=\"wp-block-heading has-text-align-center\">Prop\u00f3sito<\/h2>\n<\/div>\n<\/div>\n\n\n\n<div class=\"wp-block-columns is-layout-flex wp-container-core-columns-is-layout-28f84493 wp-block-columns-is-layout-flex\">\n<div class=\"wp-block-column is-layout-flow wp-block-column-is-layout-flow\">\n<p class=\"has-text-align-center\">\u201cCoordinar las estrategias y acciones m\u00e1s convenientes, para el logro de un adecuado y satisfactorio desarrollo de los procesos de Dise\u00f1o, Implementaci\u00f3n, Mantenimiento y Evaluaci\u00f3n del Modelo Est\u00e1ndar de Control Interno para las Instituciones P\u00fablicas del Paraguay- MECIP, en todo el Ej\u00e9rcito Paraguayo.\u201d<\/p>\n<\/div>\n\n\n\n<div class=\"wp-block-column is-layout-flow wp-block-column-is-layout-flow\">\n<p class=\"has-text-align-center\">\u201cConstituirse en un equipo de trabajo consolidado, altamente especializado en la Asistencia T\u00e9cnica, Asesoramiento y Capacitaci\u00f3n, que realiza sus actividades en forma eficiente, efectiva y eficaz coadyuvando a la implementaci\u00f3n total y plena del Sistema de Control Interno, adoptado por el Comando del Ej\u00e9rcito en cumplimiento de las disposiciones legales.\u201d<\/p>\n<\/div>\n\n\n\n<div class=\"wp-block-column is-layout-flow wp-block-column-is-layout-flow\">\n<p class=\"has-text-align-center\">Orientar a las Instituciones P\u00fablicas para lograr una funci\u00f3n administrativa del Estado integra, eficaz y transparente, apoyando el cumplimiento de sus objetivos institucionales y la contribuci\u00f3n al logro de la finalidad social del Estado.<\/p>\n<\/div>\n<\/div>\n\n\n<div class=\"wp-block-image\">\n<figure class=\"aligncenter size-full\"><img loading=\"lazy\" decoding=\"async\" width=\"884\" height=\"569\" src=\"https:\/\/cimefor.mil.py\/ejercito\/wp-content\/uploads\/sites\/7\/2025\/07\/organigrama-mesip.jpg\" alt=\"\" class=\"wp-image-218\" srcset=\"https:\/\/ffmm.mil.py\/ejercito\/wp-content\/uploads\/sites\/7\/2025\/07\/organigrama-mesip.jpg 884w, https:\/\/ffmm.mil.py\/ejercito\/wp-content\/uploads\/sites\/7\/2025\/07\/organigrama-mesip-300x193.jpg 300w, https:\/\/ffmm.mil.py\/ejercito\/wp-content\/uploads\/sites\/7\/2025\/07\/organigrama-mesip-768x494.jpg 768w\" sizes=\"(max-width: 884px) 100vw, 884px\" \/><\/figure>\n<\/div>\n\n\n<div style=\"height:100px\" aria-hidden=\"true\" class=\"wp-block-spacer\"><\/div>\n\n\n\n<div class=\"wp-block-columns is-layout-flex wp-container-core-columns-is-layout-28f84493 wp-block-columns-is-layout-flex\">\n<div class=\"wp-block-column is-layout-flow wp-block-column-is-layout-flow\">\n<h2 class=\"wp-block-heading\">QUE ES EL MECIP<\/h2>\n<\/div>\n\n\n\n<div class=\"wp-block-column is-layout-flow wp-block-column-is-layout-flow\">\n<h2 class=\"wp-block-heading has-text-align-right\">SE BASA EN:<\/h2>\n<\/div>\n\n\n\n<div class=\"wp-block-column is-layout-flow wp-block-column-is-layout-flow\"><\/div>\n<\/div>\n\n\n\n<div class=\"wp-block-columns is-layout-flex wp-container-core-columns-is-layout-28f84493 wp-block-columns-is-layout-flex\">\n<div class=\"wp-block-column is-layout-flow wp-block-column-is-layout-flow\">\n<p>El Modelo Est\u00e1ndar de Control Interno para las Instituciones y organismos del Estado<strong>.<\/strong><\/p>\n\n\n\n<p>Fue expedido por el Gobierno Nacional por Decreto Presidencial N\u00ba 962 de 2008 y por Resoluci\u00f3n de la CGR N\u00ba 425 de 2008.<\/p>\n<\/div>\n\n\n\n<div class=\"wp-block-column is-layout-flow wp-block-column-is-layout-flow\">\n<h6 class=\"wp-block-heading has-text-align-center\"><strong><em>VALORES<\/em><\/strong><\/h6>\n\n\n\n<ul class=\"wp-block-list\">\n<li>Moralidad<\/li>\n\n\n\n<li>Responsabilidad<\/li>\n\n\n\n<li>Transparencia<\/li>\n\n\n\n<li>Igualdad<\/li>\n\n\n\n<li>Imparcialidad<\/li>\n<\/ul>\n<\/div>\n\n\n\n<div class=\"wp-block-column is-layout-flow wp-block-column-is-layout-flow\">\n<h6 class=\"wp-block-heading has-text-align-center\"><strong><em>PRINCIPIOS<\/em><\/strong><\/h6>\n\n\n\n<ul class=\"wp-block-list\">\n<li>Eficiencia<\/li>\n\n\n\n<li>Eficacia<\/li>\n\n\n\n<li>Econom\u00eda<\/li>\n\n\n\n<li>Celeridad<\/li>\n\n\n\n<li>Preservaci\u00f3n del Medio Ambiente<\/li>\n\n\n\n<li>Publicidad<\/li>\n<\/ul>\n<\/div>\n<\/div>\n\n\n\n<div style=\"height:50px\" aria-hidden=\"true\" class=\"wp-block-spacer\"><\/div>\n\n\n\n<p><strong><em>MARCO LEGAL<\/em><\/strong><\/p>\n\n\n\n<ul class=\"wp-block-list\">\n<li><strong>Constituci\u00f3n Nacional<\/strong>, art. 281 y art. 283<\/li>\n\n\n\n<li><strong>Ley 1535 \/ 1999<\/strong>\u201c<em>De Administraci\u00f3n Financiera del Estado\u201d<\/em><\/li>\n\n\n\n<li><strong>Decreto N\u00b0 8127\/2000<\/strong><em>\u201cPor el cual se establecen las disposiciones legales y administrativas que reglamentan la implementaci\u00f3n de la Ley N\u00b0 1535\/99, \u201cde Administraci\u00f3n Financiera del Estado\u201d, y el funcionamiento del sistema integrado de administraci\u00f3n financiera-SIAF\u201d<\/em><\/li>\n\n\n\n<li><strong>Decreto N\u00ba 962 del 27\/11\/08&nbsp;<\/strong><em>\u201cPor el cual se modifica el t\u00edtulo VII del decreto N\u00b08127 del 30 de marzo del 2000 \u00abpor el cual se establecen las disposiciones legales y administrativas que reglamentan la implementaci\u00f3n de la ley N\u00b01535\/99 de administraci\u00f3n financiera del estado\u00bb y el funcionamiento del sistema integrado de administraci\u00f3n financiera (SIAF)\u201d.<\/em><\/li>\n\n\n\n<li><strong>Resoluci\u00f3n de la Contralor\u00eda General de la Rep\u00fablica N\u00ba 425\/08&nbsp;<\/strong><em>\u201cPor la cual se establece y adopta el Modelo Est\u00e1ndar de Control Interno para las entidades p\u00fablicas del Paraguay \u2013 MECIP, como marco para el control, fiscalizaci\u00f3n y evaluaci\u00f3n de los sistemas de control interno de las entidades sujetas a la supervisi\u00f3n de la Contralor\u00eda General de la Rep\u00fablica\u201d<\/em><\/li>\n\n\n\n<li><strong>Orden General N\u00ba 176<\/strong><em>&nbsp;del Comando de las Fuerzas Militares de fecha 27 de Agosto de 2013.<\/em><\/li>\n\n\n\n<li><strong>La Resoluci\u00f3n N\u00b0 377 de fecha 13 de mayo de 2019<\/strong>,&nbsp;<strong>de la Contralor\u00eda General de la Republica<\/strong>, por la cual se adopta la norma de requisitos m\u00ednimos para un sistema de control interno del modelo de Est\u00e1ndar de Control Interno para Instituciones P\u00fablicas del Paraguay \u2013 MECIP: 2015.<\/li>\n\n\n\n<li><strong>ORDEN GENERAL N\u00b0 287 del Comando de las Fuerzas Militares<\/strong>&nbsp;de fecha 21 de octubre del 2019. por la cual se adopta la norma de requisitos m\u00ednimos para un sistema de control interno del modelo de Est\u00e1ndar de Control Interno para Instituciones P\u00fablicas del Paraguay \u2013 MECIP: 2015, en el \u00e1mbito de las Fuerzas Militares.<\/li>\n\n\n\n<li><strong>ORDEN GENERAL N\u00b0 287 del Comando del Ej\u00e9rcito<\/strong>&nbsp;de fecha 19 de noviembre del 2019.<\/li>\n\n\n\n<li><strong>ORDEN GENERAL N\u00b0 45 del Comando del Ej\u00e9rcito<\/strong>&nbsp;de fecha 12 de marzo del 2021 por la que se establece&nbsp;<strong>La Pol\u00edtica de Control Interno<\/strong>&nbsp;conforme a las exigencias de la Norma de requisitos m\u00ednimos para Sistemas de Control Interno MECIP 2015.<\/li>\n<\/ul>\n\n\n\n<div style=\"height:50px\" aria-hidden=\"true\" class=\"wp-block-spacer\"><\/div>\n\n\n<div class=\"wp-block-image\">\n<figure class=\"aligncenter size-large\"><img loading=\"lazy\" decoding=\"async\" width=\"1024\" height=\"569\" src=\"https:\/\/cimefor.mil.py\/ejercito\/wp-content\/uploads\/sites\/7\/2025\/07\/aprobacion-1536x854-1-1024x569.png\" alt=\"\" class=\"wp-image-219\" srcset=\"https:\/\/ffmm.mil.py\/ejercito\/wp-content\/uploads\/sites\/7\/2025\/07\/aprobacion-1536x854-1-1024x569.png 1024w, https:\/\/ffmm.mil.py\/ejercito\/wp-content\/uploads\/sites\/7\/2025\/07\/aprobacion-1536x854-1-300x167.png 300w, https:\/\/ffmm.mil.py\/ejercito\/wp-content\/uploads\/sites\/7\/2025\/07\/aprobacion-1536x854-1-768x427.png 768w, https:\/\/ffmm.mil.py\/ejercito\/wp-content\/uploads\/sites\/7\/2025\/07\/aprobacion-1536x854-1.png 1536w\" sizes=\"(max-width: 1024px) 100vw, 1024px\" \/><\/figure>\n<\/div>\n\n\n<div style=\"height:50px\" aria-hidden=\"true\" class=\"wp-block-spacer\"><\/div>\n\n\n\n<h2 class=\"wp-block-heading has-text-align-center\">Fundamentos del Control Interno<br><\/h2>\n\n\n\n<div class=\"wp-block-columns is-layout-flex wp-container-core-columns-is-layout-28f84493 wp-block-columns-is-layout-flex\">\n<div class=\"wp-block-column is-layout-flow wp-block-column-is-layout-flow\">\n<p><strong>AUTORREGULACI\u00d3N:<\/strong><\/p>\n\n\n\n<p>Capacidad institucional de la Entidad P\u00fablica para reglamentar los asuntos que le son propios a su funci\u00f3n administrativa.<\/p>\n<\/div>\n\n\n\n<div class=\"wp-block-column is-layout-flow wp-block-column-is-layout-flow\">\n<p><strong>AUTOCONTROL<\/strong><strong>:<\/strong><\/p>\n\n\n\n<p>Es la capacidad de cada servidor p\u00fablico, independientemente de su nivel jer\u00e1rquico en la instituci\u00f3n, para evaluar su trabajo, detectar desviaciones, efectuar correctivos y mejorar la ejecuci\u00f3n de los procesos, actividades y tareas bajo su responsabilidad.<\/p>\n<\/div>\n\n\n\n<div class=\"wp-block-column is-layout-flow wp-block-column-is-layout-flow\">\n<p><strong>AUTOGESTI\u00d3N<\/strong><strong>:<\/strong><\/p>\n\n\n\n<p>Capacidad de la Entidad P\u00fablica para interrelacionar la Autorregulaci\u00f3n y el Autocontrol a fin de establecer la forma m\u00e1s efectiva de ejecutar su funci\u00f3n administrativa.<\/p>\n<\/div>\n<\/div>\n\n\n\n<div style=\"height:100px\" aria-hidden=\"true\" class=\"wp-block-spacer\"><\/div>\n\n\n<div class=\"wp-block-image\">\n<figure class=\"aligncenter size-large\"><img loading=\"lazy\" decoding=\"async\" width=\"1024\" height=\"520\" src=\"https:\/\/cimefor.mil.py\/ejercito\/wp-content\/uploads\/sites\/7\/2025\/07\/caracteristicas-del-mesip-1024x520.jpg\" alt=\"\" class=\"wp-image-220\" srcset=\"https:\/\/ffmm.mil.py\/ejercito\/wp-content\/uploads\/sites\/7\/2025\/07\/caracteristicas-del-mesip-1024x520.jpg 1024w, https:\/\/ffmm.mil.py\/ejercito\/wp-content\/uploads\/sites\/7\/2025\/07\/caracteristicas-del-mesip-300x152.jpg 300w, https:\/\/ffmm.mil.py\/ejercito\/wp-content\/uploads\/sites\/7\/2025\/07\/caracteristicas-del-mesip-768x390.jpg 768w, https:\/\/ffmm.mil.py\/ejercito\/wp-content\/uploads\/sites\/7\/2025\/07\/caracteristicas-del-mesip.jpg 1271w\" sizes=\"(max-width: 1024px) 100vw, 1024px\" \/><\/figure>\n<\/div>\n\n\n<div style=\"height:100px\" aria-hidden=\"true\" class=\"wp-block-spacer\"><\/div>\n\n\n\n<h6 class=\"wp-block-heading has-text-align-center\"><strong>El Modelo<\/strong><\/h6>\n\n\n\n<p class=\"has-text-align-left\">El modelo del Sistema de Control Interno basado en procesos y riesgos que se muestra en la figura a continuaci\u00f3n, ilustra la forma en que puede aplicarse a todos los componentes la metodolog\u00eda conocida como \u201cPlanificar-Hacer-Verificar-Actuar\u201d (PHVA).<\/p>\n\n\n<div class=\"wp-block-image\">\n<figure class=\"aligncenter size-full\"><img loading=\"lazy\" decoding=\"async\" width=\"800\" height=\"600\" src=\"https:\/\/cimefor.mil.py\/ejercito\/wp-content\/uploads\/sites\/7\/2025\/07\/modelo_mecip.png\" alt=\"\" class=\"wp-image-221\" srcset=\"https:\/\/ffmm.mil.py\/ejercito\/wp-content\/uploads\/sites\/7\/2025\/07\/modelo_mecip.png 800w, https:\/\/ffmm.mil.py\/ejercito\/wp-content\/uploads\/sites\/7\/2025\/07\/modelo_mecip-300x225.png 300w, https:\/\/ffmm.mil.py\/ejercito\/wp-content\/uploads\/sites\/7\/2025\/07\/modelo_mecip-768x576.png 768w\" sizes=\"(max-width: 800px) 100vw, 800px\" \/><\/figure>\n<\/div>\n\n\n<div style=\"height:100px\" aria-hidden=\"true\" class=\"wp-block-spacer\"><\/div>\n\n\n\n<h2 class=\"wp-block-heading has-text-align-center\">Estructura<\/h2>\n\n\n<div class=\"wp-block-image\">\n<figure class=\"aligncenter size-full\"><img loading=\"lazy\" decoding=\"async\" width=\"568\" height=\"730\" src=\"https:\/\/cimefor.mil.py\/ejercito\/wp-content\/uploads\/sites\/7\/2025\/07\/estructura.png\" alt=\"\" class=\"wp-image-222\" srcset=\"https:\/\/ffmm.mil.py\/ejercito\/wp-content\/uploads\/sites\/7\/2025\/07\/estructura.png 568w, https:\/\/ffmm.mil.py\/ejercito\/wp-content\/uploads\/sites\/7\/2025\/07\/estructura-233x300.png 233w\" sizes=\"(max-width: 568px) 100vw, 568px\" \/><\/figure>\n<\/div>\n\n\n<h4 class=\"wp-block-heading has-text-align-center\">\u00abESTAMOS COMPROMETIDOS A TRAV\u00c9S DE LA EFICACIA, INTEGRIDAD Y LA TRANSPARENCIA\u00bb<\/h4>\n\n\n\n<p><\/p>\n","protected":false},"excerpt":{"rendered":"<p>Misi\u00f3n Visi\u00f3n Prop\u00f3sito \u201cCoordinar las estrategias y acciones m\u00e1s convenientes, para el logro de un adecuado y satisfactorio desarrollo de los procesos de Dise\u00f1o, Implementaci\u00f3n, Mantenimiento y Evaluaci\u00f3n del Modelo Est\u00e1ndar de Control Interno para las Instituciones P\u00fablicas del Paraguay- MECIP, en todo el Ej\u00e9rcito Paraguayo.\u201d \u201cConstituirse en un equipo de trabajo consolidado, altamente especializado [&hellip;]<\/p>\n","protected":false},"author":1,"featured_media":0,"parent":0,"menu_order":0,"comment_status":"closed","ping_status":"closed","template":"page-nosidebar.php","meta":{"footnotes":""},"class_list":["post-63","page","type-page","status-publish","hentry"],"_links":{"self":[{"href":"https:\/\/ffmm.mil.py\/ejercito\/wp-json\/wp\/v2\/pages\/63","targetHints":{"allow":["GET"]}}],"collection":[{"href":"https:\/\/ffmm.mil.py\/ejercito\/wp-json\/wp\/v2\/pages"}],"about":[{"href":"https:\/\/ffmm.mil.py\/ejercito\/wp-json\/wp\/v2\/types\/page"}],"author":[{"embeddable":true,"href":"https:\/\/ffmm.mil.py\/ejercito\/wp-json\/wp\/v2\/users\/1"}],"replies":[{"embeddable":true,"href":"https:\/\/ffmm.mil.py\/ejercito\/wp-json\/wp\/v2\/comments?post=63"}],"version-history":[{"count":8,"href":"https:\/\/ffmm.mil.py\/ejercito\/wp-json\/wp\/v2\/pages\/63\/revisions"}],"predecessor-version":[{"id":247,"href":"https:\/\/ffmm.mil.py\/ejercito\/wp-json\/wp\/v2\/pages\/63\/revisions\/247"}],"wp:attachment":[{"href":"https:\/\/ffmm.mil.py\/ejercito\/wp-json\/wp\/v2\/media?parent=63"}],"curies":[{"name":"wp","href":"https:\/\/api.w.org\/{rel}","templated":true}]}}