{"id":334,"date":"2025-07-10T16:36:39","date_gmt":"2025-07-10T14:36:39","guid":{"rendered":"https:\/\/migracion.ffmm.mil.py\/cimefor\/?page_id=334"},"modified":"2025-07-10T16:37:36","modified_gmt":"2025-07-10T14:37:36","slug":"gral-brig-aer-edgar-antonio-leguizamon-ovelar","status":"publish","type":"page","link":"https:\/\/ffmm.mil.py\/fuerzaaerea\/gral-brig-aer-edgar-antonio-leguizamon-ovelar\/","title":{"rendered":"GRAL BRIG AER EDGAR ANTONIO LEGUIZAMON OVELAR"},"content":{"rendered":"\n<div class=\"wp-block-columns is-layout-flex wp-container-core-columns-is-layout-28f84493 wp-block-columns-is-layout-flex\">\n<div class=\"wp-block-column is-layout-flow wp-block-column-is-layout-flow\" style=\"flex-basis:33.33%\">\n<figure class=\"wp-block-image size-full\"><img decoding=\"async\" width=\"180\" height=\"220\" src=\"https:\/\/cimefor.mil.py\/cimefor\/wp-content\/uploads\/sites\/5\/2025\/07\/GRAL_BRIG_AER__EDGAR_ANTONIO_LEGUIZAMON_OVELAR-e1718250276328-mejoreado-180x220-2.jpg\" alt=\"\" class=\"wp-image-335\"\/><\/figure>\n<\/div>\n\n\n\n<div class=\"wp-block-column is-layout-flow wp-block-column-is-layout-flow\" style=\"flex-basis:66.66%\"><\/div>\n<\/div>\n\n\n\n<p><strong><u>S\u00cdNTESIS DE LEGAJO DEL&nbsp;&nbsp;<\/u><\/strong><strong><u>GRAL BRIG AER &nbsp;EDGAR ANTONIO LEGUIZAM\u00d3N OVELAR<\/u><\/strong><\/p>\n\n\n\n<p><strong><u>DATOS PERSONALES<\/u><\/strong><\/p>\n\n\n\n<p>\u2013 NOMBRES\u00a0\u00a0\u00a0\u00a0\u00a0\u00a0\u00a0\u00a0\u00a0\u00a0\u00a0\u00a0\u00a0\u00a0\u00a0\u00a0\u00a0\u00a0\u00a0\u00a0\u00a0\u00a0\u00a0\u00a0\u00a0\u00a0\u00a0\u00a0\u00a0\u00a0\u00a0\u00a0\u00a0\u00a0\u00a0\u00a0\u00a0: EDGAR ANTONIO<\/p>\n\n\n\n<p>\u2013 APELLIDOS&nbsp;&nbsp;&nbsp;&nbsp;&nbsp;&nbsp;&nbsp;&nbsp;&nbsp;&nbsp;&nbsp;&nbsp;&nbsp;&nbsp;&nbsp;&nbsp;&nbsp;&nbsp;&nbsp;&nbsp;&nbsp;&nbsp;&nbsp;&nbsp;&nbsp;&nbsp;&nbsp;&nbsp;&nbsp;&nbsp;&nbsp;&nbsp;&nbsp;&nbsp; : LEGUIZAM\u00d3N OVELAR<\/p>\n\n\n\n<p>\u2013 FECHA DE NACIMIENTO           : 30 DE NOVIEMBRE DE 1971<\/p>\n\n\n\n<p>\u2013 LUGAR DE NACIMIENTO&nbsp;&nbsp;&nbsp;&nbsp;&nbsp;&nbsp;&nbsp;&nbsp;&nbsp;&nbsp; : ASUNCI\u00d3N<\/p>\n\n\n\n<p>\u2013 ESTADO CIVIL \u00a0\u00a0\u00a0\u00a0\u00a0\u00a0\u00a0\u00a0\u00a0\u00a0\u00a0\u00a0\u00a0\u00a0\u00a0\u00a0\u00a0\u00a0\u00a0\u00a0\u00a0\u00a0\u00a0\u00a0\u00a0\u00a0\u00a0\u00a0  : CASADO<\/p>\n\n\n\n<p><strong>&nbsp;&nbsp;&nbsp;&nbsp;&nbsp;<u>CARRERA MILITAR<\/u><\/strong><\/p>\n\n\n\n<p>\u2013 A STTE&nbsp;&nbsp;&nbsp;&nbsp;&nbsp;&nbsp;&nbsp;&nbsp;&nbsp;&nbsp;&nbsp;&nbsp;&nbsp;&nbsp;&nbsp;&nbsp;&nbsp;&nbsp;&nbsp;&nbsp;&nbsp;&nbsp;&nbsp;&nbsp;&nbsp;&nbsp;&nbsp;&nbsp;&nbsp;&nbsp;&nbsp;&nbsp;&nbsp;&nbsp;&nbsp;&nbsp;&nbsp;&nbsp;&nbsp;&nbsp;&nbsp;&nbsp; : 29 DE NOVIEMBRE DE 1993&nbsp;&nbsp;&nbsp;&nbsp;&nbsp;&nbsp; DECRETO N\u00b0 1327<\/p>\n\n\n\n<p>\u2013 A TTE&nbsp;&nbsp;&nbsp;&nbsp;&nbsp;&nbsp;&nbsp;&nbsp;&nbsp;&nbsp;&nbsp;&nbsp;&nbsp;&nbsp;&nbsp;&nbsp;&nbsp;&nbsp;&nbsp;&nbsp;&nbsp;&nbsp;&nbsp;&nbsp;&nbsp;&nbsp;&nbsp;&nbsp;&nbsp;&nbsp;&nbsp;&nbsp;&nbsp;&nbsp;&nbsp;&nbsp;&nbsp;&nbsp;&nbsp;&nbsp;&nbsp;&nbsp;&nbsp;&nbsp;&nbsp; : 27 DE DICIEMBRE DE 1995 &nbsp;&nbsp;&nbsp;&nbsp;&nbsp;&nbsp;&nbsp; DECRETO N\u00b0 11975<\/p>\n\n\n\n<p>\u2013 A TTE 1\u00b0&nbsp;&nbsp;&nbsp;&nbsp;&nbsp;&nbsp;&nbsp;&nbsp;&nbsp;&nbsp;&nbsp;&nbsp;&nbsp;&nbsp;&nbsp;&nbsp;&nbsp;&nbsp;&nbsp;&nbsp;&nbsp;&nbsp;&nbsp;&nbsp;&nbsp;&nbsp;&nbsp;&nbsp;&nbsp;&nbsp;&nbsp;&nbsp;&nbsp;&nbsp;&nbsp;&nbsp;&nbsp;&nbsp;&nbsp;&nbsp; : 11 DE DICIEMBRE DE 1998&nbsp;&nbsp; &nbsp;&nbsp;&nbsp;&nbsp;&nbsp; DECRETO N\u00b0 1244<\/p>\n\n\n\n<p>\u2013 A CAP&nbsp;&nbsp;&nbsp;&nbsp;&nbsp;&nbsp;&nbsp;&nbsp;&nbsp;&nbsp;&nbsp;&nbsp;&nbsp;&nbsp;&nbsp;&nbsp;&nbsp;&nbsp;&nbsp;&nbsp;&nbsp;&nbsp;&nbsp;&nbsp;&nbsp;&nbsp;&nbsp;&nbsp;&nbsp;&nbsp;&nbsp;&nbsp;&nbsp;&nbsp;&nbsp;&nbsp;&nbsp;&nbsp;&nbsp;&nbsp;&nbsp;&nbsp;&nbsp;&nbsp; : 26 DE NOVIEMBRE DE 2002&nbsp;&nbsp;&nbsp;&nbsp;&nbsp;&nbsp; DECRETO N\u00b0 19519<\/p>\n\n\n\n<p>\u2013 A MY &nbsp;&nbsp;&nbsp;&nbsp;&nbsp;&nbsp;&nbsp;&nbsp;&nbsp;&nbsp;&nbsp;&nbsp;&nbsp;&nbsp;&nbsp;&nbsp;&nbsp;&nbsp;&nbsp;&nbsp;&nbsp;&nbsp;&nbsp;&nbsp;&nbsp;&nbsp;&nbsp;&nbsp;&nbsp;&nbsp;&nbsp;&nbsp;&nbsp;&nbsp;&nbsp;&nbsp;&nbsp;&nbsp;&nbsp;&nbsp;&nbsp;&nbsp;&nbsp;&nbsp; : 21 DE DICIEMBRE DE 2007&nbsp;&nbsp;&nbsp;&nbsp;&nbsp;&nbsp;&nbsp;&nbsp; DECRETO N\u00b0 11468<\/p>\n\n\n\n<p>\u2013 A TCNEL&nbsp;&nbsp;&nbsp;&nbsp;&nbsp;&nbsp;&nbsp;&nbsp;&nbsp;&nbsp;&nbsp;&nbsp;&nbsp;&nbsp;&nbsp;&nbsp;&nbsp;&nbsp;&nbsp;&nbsp;&nbsp;&nbsp;&nbsp;&nbsp;&nbsp;&nbsp;&nbsp;&nbsp;&nbsp;&nbsp;&nbsp;&nbsp;&nbsp;&nbsp;&nbsp;&nbsp;&nbsp;&nbsp;&nbsp; : 17 DE DICIEMBRE DE 2012&nbsp;&nbsp;&nbsp;&nbsp;&nbsp;&nbsp;&nbsp;&nbsp; DECRETO N\u00b0 10265<\/p>\n\n\n\n<p>\u2013 A CNEL&nbsp;&nbsp;&nbsp;&nbsp;&nbsp;&nbsp;&nbsp;&nbsp;&nbsp;&nbsp;&nbsp;&nbsp;&nbsp;&nbsp;&nbsp;&nbsp;&nbsp;&nbsp;&nbsp;&nbsp;&nbsp;&nbsp;&nbsp;&nbsp;&nbsp;&nbsp;&nbsp;&nbsp;&nbsp;&nbsp;&nbsp;&nbsp;&nbsp;&nbsp;&nbsp;&nbsp;&nbsp;&nbsp;&nbsp;&nbsp;&nbsp;&nbsp; : 23 DE MARZO DE 2017&nbsp;&nbsp;&nbsp;&nbsp;&nbsp;&nbsp;&nbsp;&nbsp;&nbsp;&nbsp;&nbsp;&nbsp;&nbsp;&nbsp;&nbsp; DECRETO N\u00ba 6950<\/p>\n\n\n\n<ul class=\"wp-block-list\">\n<li>A GRAL BRIG : 27 DE DICIEMBRE DE 2023\u00a0\u00a0\u00a0\u00a0\u00a0\u00a0\u00a0\u00a0 DECRETO N\u00ba 935<\/li>\n<\/ul>\n\n\n\n<p><strong><u>CURSOS REALIZADOS<\/u><\/strong><\/p>\n\n\n\n<ul class=\"wp-block-list\">\n<li>PILOTO AVIADOR MILITAR<\/li>\n\n\n\n<li>PILOTAJE EN AERONAVE T-27 TUCANO<\/li>\n\n\n\n<li>SIMULADOR DE VUELO AVI\u00d3N T-27 TUCANO<\/li>\n\n\n\n<li>PARACAIDISMO B\u00c1SICO MILITAR<\/li>\n\n\n\n<li>T\u00c1CTICA A\u00c9REA<\/li>\n\n\n\n<li>CURSO DE INGLES B\u00c1SICO<\/li>\n\n\n\n<li>INSTRUCTOR DE CAZA<\/li>\n\n\n\n<li>PILOTO L\u00cdDER DE ELEMENTO DE CAZA<\/li>\n\n\n\n<li>PERFECCIONAMIENTO DE OFICIALES DE LA FUERZA A\u00c9REA<\/li>\n<\/ul>\n\n\n\n<p>\u2013 OBSERVADOR MILITAR EN OPERACIONES DE MANTENIMIENTO DE PAZ 01\/04<\/p>\n\n\n\n<p>\u2013 COMANDO Y ESTADO MAYOR DE LA FUERZA A\u00c9REA<\/p>\n\n\n\n<p>\u2013 LICENCIADO EN CIENCIAS MILITARES<\/p>\n\n\n\n<p>\u2013 MAGISTER EN OPERACIONES MILITARES<\/p>\n\n\n\n<p>\u2013 MAGISTER EN CIENCIAS MILITARES<\/p>\n\n\n\n<ul class=\"wp-block-list\">\n<li>BOMBERO FORESTALES<\/li>\n<\/ul>\n\n\n\n<p>\u2013 ABOGADO<\/p>\n\n\n\n<p>\u2013 COMANDANTE EN LA AERONAVE C-212 SERIE 200<\/p>\n\n\n\n<p>\u2013 OPERACIONES CONJUNTAS REALIZADOS EN LOS ESTADOS UNIDOS DE AM\u00c9RICA<\/p>\n\n\n\n<p>\u2013 PILOTO COMANDANTE DE LA AERONAVE C-212 SERIE-400<\/p>\n\n\n\n<ul class=\"wp-block-list\">\n<li>POL\u00cdTICA Y ESTRATEGIA AEROESPACIAL<\/li>\n<\/ul>\n\n\n\n<p>\u2013 MAESTR\u00cdA Y PLANIFICACI\u00d3N Y CONDUCCI\u00d3N ESTRAT\u00c9GICA NACIONAL<\/p>\n\n\n\n<p>\u2013 INSTRUCTOR EN LA AERONAVE C212 S400<\/p>\n\n\n\n<p><strong><u>CARGOS OCUPADOS<\/u><\/strong><\/p>\n\n\n\n<ul class=\"wp-block-list\">\n<li>JEFE DE ESTUDIO DE LA ESCUELA DE PERFECCIONAMIENTO DE OFICIALES DE LA FUERZA AEREA<\/li>\n\n\n\n<li>COMANDANTE DE LA ESCUELA DE FORMACI\u00d3N DE SUB OFICIALES DE LA FUERZA AEREA<\/li>\n\n\n\n<li>COMANDANTE DE LA ESCUELA DE COMANDO Y ESTADO MAYOR DE LA FUERZA AEREA<\/li>\n\n\n\n<li>COMANDANTE DE LA AGRUPACI\u00d3N DE RESERVISTAS DE LA FAP<\/li>\n\n\n\n<li>DIRECTOR DEL CENTRO FINANCIERO N\u00ba 4<\/li>\n\n\n\n<li>ORDENADOR DE GASTOS ALTERNOS DEL COMFAER<\/li>\n\n\n\n<li>DIRECTOR DEL CENTRO FINANCIERO N\u00ba 1 \u2013 COMANJEFE<\/li>\n\n\n\n<li>JEFE DE ESTADO MAYOR DE LA I BRIGADA A\u00c9REA<\/li>\n<\/ul>\n\n\n\n<p><strong>&nbsp;&nbsp;&nbsp;&nbsp;&nbsp;&nbsp;&nbsp;&nbsp;&nbsp;&nbsp;&nbsp;&nbsp;&nbsp;&nbsp;&nbsp;&nbsp;&nbsp;&nbsp;&nbsp;&nbsp;&nbsp;&nbsp;&nbsp;&nbsp;&nbsp;&nbsp;&nbsp;&nbsp;&nbsp;&nbsp;&nbsp;&nbsp;&nbsp;&nbsp;&nbsp; &nbsp;&nbsp;&nbsp;&nbsp;&nbsp;&nbsp;&nbsp;&nbsp;&nbsp;&nbsp;&nbsp;<u>DIPLOMAS, BREVET Y DISTINTIVOS<\/u><\/strong><\/p>\n\n\n\n<ul class=\"wp-block-list\">\n<li>DIPLOMA Y DISTINTIVO DEL CURSO DE PILOTO AVIADOR MILITAR<\/li>\n\n\n\n<li>DISTINTIVO PREMIO FUERZA AEREA DE LA REPUBLICA ORIENTAL DEL URUGUAY<\/li>\n\n\n\n<li>MEDALLA Y DISTINTIVO OTORGADA POR LAS NACIONES UNIDAS EN \u00c1FRICA CENTRAL BURUNDI<\/li>\n\n\n\n<li>DISTINTIVO DE PARACAIDISTAS HONORIS CAUSA ( DEL EJERCITO DE LOS ESTADOS UNIDOS )<\/li>\n\n\n\n<li>DIPLOMA, BREVET Y DISTINTIVO DE PARACAIDISMO B\u00c1SICO MILITAR.<\/li>\n\n\n\n<li>DIPLOMA Y DISTINTIVO DE T\u00c1CTICA A\u00c9REA<\/li>\n\n\n\n<li>DIPLOMA Y DISTINTIVO DE INSTRUCTOR DE CAZA<\/li>\n\n\n\n<li>DIPLOMA Y DISTINTIVO DE PILOTO L\u00cdDER DE ELEMENTO DE CAZA<\/li>\n\n\n\n<li>DIPLOMA Y DISTINTIVO DE PERFECCIONAMIENTO DE OFICIALES DE LA FUERZA A\u00c9REA<\/li>\n\n\n\n<li>DIPLOMA Y DISTINTIVO DEL CURSO DE OBSERVADOR MILITAR<\/li>\n\n\n\n<li>DIPLOMA Y DISTINTIVO DE PILOTO COMANDANTE DE LA AERONAVE C-212 SERIE-400<\/li>\n\n\n\n<li>DIPLOMA Y DISTINTIVO DE COMANDO Y ESTADO MAYOR DE LA FUERZA A\u00c9REA<\/li>\n\n\n\n<li>TITULO EN LICENCIADO EN CIENCIAS MILITARES<\/li>\n<\/ul>\n\n\n\n<p>\u2013 TITULO DE MAGISTER EN OPERACIONES MILITARES<\/p>\n\n\n\n<p>\u2013 TITULO DE MAGISTER EN CIENCIAS MILITARES<\/p>\n\n\n\n<ul class=\"wp-block-list\">\n<li>DIPLOMA Y DISTINTIVO DE BOMBERO FORESTALES<\/li>\n<\/ul>\n\n\n\n<p>\u2013 TITULO DE ABOGADO<\/p>\n\n\n\n<p>\u2013 DIPLOMA Y DISTINTIVO DE COMANDANTE EN LA AERONAVE C-212 SERIE 200<\/p>\n\n\n\n<p>\u2013 DIPLOMA Y DISTINTIVO OPERACIONES CONJUNTAS REALIZADOS EN LOS ESTADOS<\/p>\n\n\n\n<p>UNIDOS DE AM\u00c9RICA<\/p>\n\n\n\n<p>\u2013 DIPLOMA Y DISTINTIVO DE PILOTO COMANDANTE DE LA AERONAVE C-212 SERIE-400<\/p>\n\n\n\n<ul class=\"wp-block-list\">\n<li>DIPLOMA Y DISTINTIVO POL\u00cdTICA Y ESTRATEGIA AEROESPACIAL<\/li>\n<\/ul>\n\n\n\n<p>\u2013 DIPLOMA Y DISTINTIVO DE MAESTR\u00cdA Y PLANIFICACI\u00d3N&nbsp;Y CONDUCCI\u00d3N&nbsp;ESTRAT\u00c9GICA NACIONAL<\/p>\n\n\n\n<p>\u2013 DIPLOMA Y DISTINTIVO DEL CURSO DE INSTRUCTOR EN LA AERONAVE C-212 S400<\/p>\n\n\n\n<p>\u2013 MEDALLA DE LA AERON\u00c1UTICA \u00abHONOR AL MERITO\u00bb<\/p>\n\n\n\n<p>\u2013 MEDALLA DE HONOR AL MERITO DEL GRUPO A\u00c9REO DE INSTRUCCI\u00d3N<\/p>\n\n\n\n<p>\u2013 MEDALLA DE HONOR DE LA JUSTICIA MILITAR<\/p>\n\n\n\n<p>\u2013 MEDALLA DE HONOR DEL GRUPO DE TRANSPORTE A\u00c9REO<\/p>\n\n\n\n<p>\u2013 MEDALLA DE HONOR AL MERITO DE LA I BRIGADA A\u00c9REA<\/p>\n\n\n\n<p>\u2013 MEDALLA DE HONOR DE LA DIRECCI\u00d3N GENERAL ADMINISTRATIVA Y FINANCIERA DEL COMANDO DE FUERZAS MILITARES<\/p>\n\n\n\n<p>\u2013 MEDALLA DE HONOR EN CONMEMORACI\u00d3N AL CENTENARIO DE LA AVIACI\u00d3N MILITAR. PARAGUAYA<\/p>\n\n\n\n<p>\u2013 MEDALLA DE HONOR DEL CENTRO FINANCIERO N\u00b0 1<\/p>\n\n\n\n<ul class=\"wp-block-list\">\n<li>DISTINTIVO DE SERVICIOS PRESTADOS EN LA FUERZAS ARMADAS DE LA NACI\u00d3N (10 A\u00d1OS)<\/li>\n\n\n\n<li>DISTINTIVO DE SERVICIOS PRESTADOS EN LA FUERZAS ARMADAS DE LA NACI\u00d3N (15 A\u00d1OS)<\/li>\n\n\n\n<li>DISTINTIVO DE SERVICIOS PRESTADOS EN LAS FUERZAS ARMADAS DE LA NACI\u00d3N (20 A\u00d1OS)<\/li>\n\n\n\n<li>DISTINTIVO DE SERVICIOS PRESTADOS EN LAS FUERZAS ARMADAS DE LA NACI\u00d3N (25 A\u00d1OS)<\/li>\n\n\n\n<li>DISTINTIVO DE SERVICIOS PRESTADOS EN LAS FUERZAS ARMADAS DE LA NACI\u00d3N (30 A\u00d1OS)<\/li>\n<\/ul>\n\n\n\n<p><strong><u>UNIDAD ACTUAL<\/u><\/strong><\/p>\n\n\n\n<ul class=\"wp-block-list\">\n<li>I BRIGADA A\u00c9REA<\/li>\n<\/ul>\n\n\n\n<div class=\"wp-block-columns is-layout-flex wp-container-core-columns-is-layout-28f84493 wp-block-columns-is-layout-flex\">\n<div class=\"wp-block-column is-layout-flow wp-block-column-is-layout-flow\" style=\"flex-basis:33.33%\">\n<figure class=\"wp-block-image size-full\"><img decoding=\"async\" width=\"180\" height=\"220\" src=\"https:\/\/cimefor.mil.py\/cimefor\/wp-content\/uploads\/sites\/5\/2025\/07\/GRAL_BRIG_AER__EDGAR_ANTONIO_LEGUIZAMON_OVELAR-e1718250276328-mejoreado-180x220-3.jpg\" alt=\"\" class=\"wp-image-336\"\/><\/figure>\n<\/div>\n\n\n\n<div class=\"wp-block-column is-layout-flow wp-block-column-is-layout-flow\" style=\"flex-basis:66.66%\"><\/div>\n<\/div>\n","protected":false},"excerpt":{"rendered":"<p>S\u00cdNTESIS DE LEGAJO DEL&nbsp;&nbsp;GRAL BRIG AER &nbsp;EDGAR ANTONIO LEGUIZAM\u00d3N OVELAR DATOS PERSONALES \u2013 NOMBRES\u00a0\u00a0\u00a0\u00a0\u00a0\u00a0\u00a0\u00a0\u00a0\u00a0\u00a0\u00a0\u00a0\u00a0\u00a0\u00a0\u00a0\u00a0\u00a0\u00a0\u00a0\u00a0\u00a0\u00a0\u00a0\u00a0\u00a0\u00a0\u00a0\u00a0\u00a0\u00a0\u00a0\u00a0\u00a0\u00a0\u00a0: EDGAR ANTONIO \u2013 APELLIDOS&nbsp;&nbsp;&nbsp;&nbsp;&nbsp;&nbsp;&nbsp;&nbsp;&nbsp;&nbsp;&nbsp;&nbsp;&nbsp;&nbsp;&nbsp;&nbsp;&nbsp;&nbsp;&nbsp;&nbsp;&nbsp;&nbsp;&nbsp;&nbsp;&nbsp;&nbsp;&nbsp;&nbsp;&nbsp;&nbsp;&nbsp;&nbsp;&nbsp;&nbsp; : LEGUIZAM\u00d3N OVELAR \u2013 FECHA DE NACIMIENTO : 30 DE NOVIEMBRE DE 1971 \u2013 LUGAR DE NACIMIENTO&nbsp;&nbsp;&nbsp;&nbsp;&nbsp;&nbsp;&nbsp;&nbsp;&nbsp;&nbsp; : ASUNCI\u00d3N \u2013 ESTADO CIVIL \u00a0\u00a0\u00a0\u00a0\u00a0\u00a0\u00a0\u00a0\u00a0\u00a0\u00a0\u00a0\u00a0\u00a0\u00a0\u00a0\u00a0\u00a0\u00a0\u00a0\u00a0\u00a0\u00a0\u00a0\u00a0\u00a0\u00a0\u00a0 : CASADO &nbsp;&nbsp;&nbsp;&nbsp;&nbsp;CARRERA MILITAR \u2013 A STTE&nbsp;&nbsp;&nbsp;&nbsp;&nbsp;&nbsp;&nbsp;&nbsp;&nbsp;&nbsp;&nbsp;&nbsp;&nbsp;&nbsp;&nbsp;&nbsp;&nbsp;&nbsp;&nbsp;&nbsp;&nbsp;&nbsp;&nbsp;&nbsp;&nbsp;&nbsp;&nbsp;&nbsp;&nbsp;&nbsp;&nbsp;&nbsp;&nbsp;&nbsp;&nbsp;&nbsp;&nbsp;&nbsp;&nbsp;&nbsp;&nbsp;&nbsp; : 29 DE NOVIEMBRE DE 1993&nbsp;&nbsp;&nbsp;&nbsp;&nbsp;&nbsp; DECRETO [&hellip;]<\/p>\n","protected":false},"author":1,"featured_media":0,"parent":0,"menu_order":0,"comment_status":"closed","ping_status":"closed","template":"page-nosidebar.php","meta":{"footnotes":""},"class_list":["post-334","page","type-page","status-publish","hentry"],"_links":{"self":[{"href":"https:\/\/ffmm.mil.py\/fuerzaaerea\/wp-json\/wp\/v2\/pages\/334","targetHints":{"allow":["GET"]}}],"collection":[{"href":"https:\/\/ffmm.mil.py\/fuerzaaerea\/wp-json\/wp\/v2\/pages"}],"about":[{"href":"https:\/\/ffmm.mil.py\/fuerzaaerea\/wp-json\/wp\/v2\/types\/page"}],"author":[{"embeddable":true,"href":"https:\/\/ffmm.mil.py\/fuerzaaerea\/wp-json\/wp\/v2\/users\/1"}],"replies":[{"embeddable":true,"href":"https:\/\/ffmm.mil.py\/fuerzaaerea\/wp-json\/wp\/v2\/comments?post=334"}],"version-history":[{"count":1,"href":"https:\/\/ffmm.mil.py\/fuerzaaerea\/wp-json\/wp\/v2\/pages\/334\/revisions"}],"predecessor-version":[{"id":337,"href":"https:\/\/ffmm.mil.py\/fuerzaaerea\/wp-json\/wp\/v2\/pages\/334\/revisions\/337"}],"wp:attachment":[{"href":"https:\/\/ffmm.mil.py\/fuerzaaerea\/wp-json\/wp\/v2\/media?parent=334"}],"curies":[{"name":"wp","href":"https:\/\/api.w.org\/{rel}","templated":true}]}}