{"id":339,"date":"2025-07-10T16:41:06","date_gmt":"2025-07-10T14:41:06","guid":{"rendered":"https:\/\/migracion.ffmm.mil.py\/cimefor\/?page_id=339"},"modified":"2025-07-10T16:43:14","modified_gmt":"2025-07-10T14:43:14","slug":"gral-brig-aer-oscar-javier-santacruz-cespedes","status":"publish","type":"page","link":"https:\/\/ffmm.mil.py\/fuerzaaerea\/gral-brig-aer-oscar-javier-santacruz-cespedes\/","title":{"rendered":"GRAL BRIG AER \u00d3SCAR JAVIER SANTACRUZ C\u00c9SPEDES"},"content":{"rendered":"\n<div class=\"wp-block-columns is-layout-flex wp-container-core-columns-is-layout-28f84493 wp-block-columns-is-layout-flex\">\n<div class=\"wp-block-column is-layout-flow wp-block-column-is-layout-flow\" style=\"flex-basis:33.33%\">\n<figure class=\"wp-block-image size-full\"><img decoding=\"async\" width=\"180\" height=\"220\" src=\"https:\/\/cimefor.mil.py\/cimefor\/wp-content\/uploads\/sites\/5\/2025\/07\/GRAL-BRIG-AER-OSCAR-JAVIER-SANTACRUZ-CESPEDES-1.jpg\" alt=\"\" class=\"wp-image-340\"\/><\/figure>\n<\/div>\n\n\n\n<div class=\"wp-block-column is-layout-flow wp-block-column-is-layout-flow\" style=\"flex-basis:66.66%\"><\/div>\n<\/div>\n\n\n\n<p><strong><u>S\u00cdNTESIS DE LEGAJO DEL<\/u><\/strong>&nbsp;<strong><u>CNEL DCEM<\/u><\/strong><\/p>\n\n\n\n<p><strong>&nbsp;<\/strong><strong><u>OSCAR JAVIER SANTACRUZ C\u00c9SPEDES<\/u><\/strong><\/p>\n\n\n\n<p><strong>&nbsp;&nbsp;&nbsp;&nbsp;&nbsp;&nbsp;&nbsp;&nbsp;&nbsp;&nbsp;&nbsp;&nbsp;&nbsp;&nbsp;<u>DATOS PERSONALES<\/u><\/strong><\/p>\n\n\n\n<ul class=\"wp-block-list\">\n<li>NOMBRE\u00a0 \u00a0 \u00a0 \u00a0 \u00a0 \u00a0 \u00a0 \u00a0 \u00a0 \u00a0 \u00a0 \u00a0 \u00a0 \u00a0 \u00a0 \u00a0 \u00a0: OSCAR JAVIER<\/li>\n\n\n\n<li>APELLIDOS\u00a0 \u00a0 \u00a0 \u00a0 \u00a0 \u00a0 \u00a0 \u00a0 \u00a0 \u00a0 \u00a0 \u00a0 \u00a0 \u00a0 : SANTACRUZ C\u00c9SPEDES<\/li>\n\n\n\n<li>FECHA DE NACIMIENTO\u00a0 : 14 DE SETIEMBRE DE 1970<\/li>\n\n\n\n<li>LUGAR DE NACIMIENTO\u00a0 : SAN JOS\u00c9 DE LOS ARROYOS<\/li>\n\n\n\n<li>ESTADO CIVIL\u00a0 \u00a0 \u00a0 \u00a0 \u00a0 \u00a0 \u00a0 \u00a0 \u00a0 \u00a0 \u00a0 \u00a0: CASADO<\/li>\n<\/ul>\n\n\n\n<p><strong>&nbsp;<u>CARRERA MILITAR<\/u><\/strong><\/p>\n\n\n\n<ul class=\"wp-block-list\">\n<li>A STTE\u00a0 \u00a0 \u00a0 \u00a0 \u00a0 \u00a0 \u00a0 \u00a0 : 16 DE NOVIEMBRE DE 1992\u00a0\u00a0\u00a0\u00a0\u00a0\u00a0\u00a0\u00a0\u00a0\u00a0\u00a0\u00a0\u00a0\u00a0\u00a0\u00a0 DECRETO N\u00ba\u00a0 15517<\/li>\n\n\n\n<li>A TTE\u00a0 \u00a0 \u00a0 \u00a0 \u00a0 \u00a0 \u00a0 \u00a0 \u00a0 : 26 DE DICIEMBRE DE 1994 \u00a0\u00a0\u00a0\u00a0\u00a0\u00a0\u00a0\u00a0\u00a0\u00a0\u00a0\u00a0\u00a0\u00a0\u00a0\u00a0\u00a0 DECRETO N\u00ba 7080<\/li>\n\n\n\n<li>A TTE 1\u00ba \u00a0\u00a0\u00a0\u00a0\u00a0\u00a0\u00a0\u00a0\u00a0\u00a0\u00a0 : 31 DE DICIEMBRE DE 1997\u00a0 \u00a0 \u00a0 \u00a0 \u00a0 \u00a0 \u00a0 \u00a0 \u00a0 \u00a0 DECRETO N\u00ba\u00a0 19500<\/li>\n\n\n\n<li>A CAP\u00a0 \u00a0 \u00a0 \u00a0 \u00a0 \u00a0 \u00a0 \u00a0 \u00a0 : 27 DE DICIEMBRE DE 2001\u00a0\u00a0\u00a0\u00a0\u00a0\u00a0\u00a0\u00a0\u00a0\u00a0\u00a0\u00a0\u00a0\u00a0\u00a0\u00a0\u00a0\u00a0 DECRETO N\u00ba 15715<\/li>\n\n\n\n<li>A MY\u00a0 \u00a0 \u00a0 \u00a0 \u00a0 \u00a0 \u00a0 \u00a0 \u00a0 \u00a0: 28 DE DICIEMBRE DE 2006 \u00a0\u00a0\u00a0\u00a0\u00a0\u00a0\u00a0\u00a0\u00a0\u00a0\u00a0\u00a0\u00a0\u00a0\u00a0\u00a0\u00a0 DECRETO N\u00ba 8723<\/li>\n\n\n\n<li>A TCNEL \u00a0\u00a0\u00a0\u00a0\u00a0\u00a0\u00a0\u00a0\u00a0\u00a0\u00a0 : 23 DE DICIEMBRE DE 2011\u00a0 \u00a0 \u00a0 \u00a0 \u00a0 \u00a0 \u00a0 \u00a0 \u00a0 \u00a0DECRETO N\u00ba 8073<\/li>\n\n\n\n<li>A CNEL\u00a0 \u00a0 \u00a0 \u00a0 \u00a0 \u00a0 \u00a0 \u00a0: 14 DE DICIEMBRE DE 2015\u00a0 \u00a0 \u00a0 \u00a0 \u00a0 \u00a0 \u00a0 \u00a0 \u00a0 \u00a0 DECRETO N\u00ba 4579\u00a0\u00a0<strong>\u00a0<\/strong><\/li>\n<\/ul>\n\n\n\n<p><strong>&nbsp;&nbsp;&nbsp;&nbsp;<u>CURSOS REALIZADOS<\/u><\/strong><\/p>\n\n\n\n<ul class=\"wp-block-list\">\n<li>PARACAIDISMO B\u00c1SICO MILITAR<\/li>\n\n\n\n<li>PILOTO AVIADOR MILITAR<\/li>\n\n\n\n<li>MAESTRO DE SALTO<\/li>\n\n\n\n<li>SALTO LIBRE<\/li>\n\n\n\n<li>PILOTO DE CAZA<\/li>\n\n\n\n<li>BOMBERO FORESTALES<\/li>\n\n\n\n<li>INSTRUCTOR DE CAZA<\/li>\n\n\n\n<li>PILOTO L\u00cdDER DE ELEMENTO DE CAZA T\u00c1CTICA A\u00c9REA<\/li>\n\n\n\n<li>OBSERVADOR MILITAR EN OPERACIONES DE MANTENIMIENTO DE PAZ<\/li>\n\n\n\n<li>PERFECCIONAMIENTO DE OFICIALES<\/li>\n\n\n\n<li>PADRONIZACI\u00d3N DE INSTRUCTORES<\/li>\n\n\n\n<li>DIPLOMADO DE COMANDO Y ESTADO MAYOR<\/li>\n\n\n\n<li>COMANDO DE MISI\u00d3N A\u00c9REA (REALIZADO EN LOS EE.UU)<\/li>\n\n\n\n<li>COMANDANTE DE AERONAVE DHC-6 TWINN OTTER<\/li>\n\n\n\n<li>INSTRUCTOR EN LA AERONAVE DHC-6 TWINN OTTER<\/li>\n\n\n\n<li>COMANDANTE DE AERONAVE C-212<\/li>\n\n\n\n<li>POL\u00cdTICA DE DEFENSA Y AMENAZAS COMPLEJAS<\/li>\n\n\n\n<li>POL\u00cdTICA Y ESTRATEGIA AEROESPACIAL (CEPEA)<\/li>\n\n\n\n<li>MAESTR\u00cdA EN PLANIFICACI\u00d3N Y CONDUCCI\u00d3N ESTRAT\u00c9GICA NACIONAL<\/li>\n\n\n\n<li>COOPERACI\u00d3N Y GERENCIAMIENTO DE SEGURIDAD PARA COMPRADOR INTERNACIONAL FINANCIERO<\/li>\n<\/ul>\n\n\n\n<p><strong>&nbsp;<\/strong><strong><u>PRINCIPALES CARGOS DESEMPE\u00d1ADOS<\/u><\/strong><strong><u>&nbsp;\u00ad\u00ad\u00ad\u00ad\u00ad<\/u><\/strong><\/p>\n\n\n\n<ul class=\"wp-block-list\">\n<li>INSTRUCTOR DEL CURSO B\u00c1SICO DE PARACAIDISMO MILITAR<\/li>\n\n\n\n<li>JEFE DE LA DIVISI\u00d3N VIGILANCIA Y CONTROL DEL ESPACIO A\u00c9REO DEL A-3 EMGFAER<\/li>\n\n\n\n<li>JEFE G-2 INTELIGENCIA DE LA I BRIGADA A\u00c9REA<\/li>\n\n\n\n<li>JEFE G-3 OPERACIONES DE LA I BRIGADA A\u00c9REA<\/li>\n\n\n\n<li>ADJUNTO S-3 OPERACIONES DEL GTA<\/li>\n\n\n\n<li>JEFE DE OPERACIONES DEL GTA<\/li>\n\n\n\n<li>JEFE G-6 PATRIMONIO DE LA I BRIGADA A\u00c9REA<\/li>\n\n\n\n<li>ASESOR MILITAR DE LA MISI\u00d3N PERMANENTE PARAGUAY\/ONU<\/li>\n\n\n\n<li>OFICIAL DE ENLACE EN LA OFICINA DE COOPERACI\u00d3N DE DEFENSA DE LOS ESTADOS UNIDOS DE AM\u00c9RICA<\/li>\n\n\n\n<li>COMANDANTE DEL GRUPO DE TRANSPORTE A\u00c9REO<\/li>\n\n\n\n<li>JEFE DE ESTADO MAYOR DEL COMANDO DE REGIONES A\u00c9REA<\/li>\n\n\n\n<li>COMANDANTE INTERINO DEL COMANDO DE REGIONES A\u00c9REA<\/li>\n<\/ul>\n\n\n\n<p><strong><u>&nbsp;<\/u><\/strong><strong><u>DIPLOMA, BREVET, MEDALLAS Y DISTINTIVOS<\/u><\/strong><\/p>\n\n\n\n<ul class=\"wp-block-list\">\n<li>DIPLOMA, BREVET Y DISTINTIVO DE PILOTO AVIADOR MILITAR<\/li>\n\n\n\n<li>DIPLOMA, BREVET Y DISTINTIVO DE PARACAIDISMO B\u00c1SICO MILITAR<\/li>\n\n\n\n<li>DIPLOMA Y DISTINTIVO DE MAESTRO DE SALTO<\/li>\n\n\n\n<li>DIPLOMA Y DISTINTIVO DE SALTO LIBRE<\/li>\n\n\n\n<li>DIPLOMA Y DISTINTIVO BOMBERO FORESTALES<\/li>\n\n\n\n<li>DISTINTIVO DE LA FUERZA A\u00c9REA URUGUAYA, OTORG\u00c1NDOLE COMO MEJOR EGRESADO EN APTITUD DE VUELO<\/li>\n\n\n\n<li>DIPLOMA Y DISTINTIVO DE PILOTO DE CAZA<\/li>\n\n\n\n<li>DIPLOMA Y DISTINTIVO DE INSTRUCTOR DE CAZA<\/li>\n\n\n\n<li>DIPLOMA Y DISTINTIVO DE PILOTO L\u00cdDER DE ELEMENTO DE CAZA<\/li>\n\n\n\n<li>DIPLOMA Y DISTINTIVO DE OBSERVADOR MILITAR EN OPERACIONES DE MANTENIMIENTO DE PAZ<\/li>\n\n\n\n<li>DIPLOMA Y DISTINTIVO DE T\u00c1CTICA A\u00c9REA<\/li>\n\n\n\n<li>DIPLOMA Y DISTINTIVO DE PERFECCIONAMIENTO DE OFICIALES<\/li>\n\n\n\n<li>DIPLOMA Y DISTINTIVO DE PADRONIZACI\u00d3N DE INSTRUCTORES<\/li>\n\n\n\n<li>DIPLOMA Y DISTINTIVO DE DIPLOMADO DE COMANDO Y ESTADO MAYOR<\/li>\n\n\n\n<li>DIPLOMA Y DISTINTIVO DE MAGISTER EN POL\u00cdTICA Y ESTRATEGIA AEROESPACIAL (CPEA)<\/li>\n\n\n\n<li>DIPLOMA Y DISTINTIVO DE COMANDO DE MISI\u00d3N A\u00c9REA (REALIZADO EN LOS (EE UU)<\/li>\n\n\n\n<li>DIPLOMA DE POL\u00cdTICA DE DEFENSA Y AMENAZAS COMPLEJAS<\/li>\n\n\n\n<li>DIPLOMA Y DISTINTIVO DE MAGISTER EN PLANIFICACI\u00d3N Y CONDUCCI\u00d3N ESTRAT\u00c9GICA NACIONAL (IAEE)<\/li>\n\n\n\n<li>DIPLOMA DE COOPERACI\u00d3N Y GERENCIAMIENTO DE SEGURIDAD PARA COMPRADOR INTERNACIONAL FINANCIERO (EE UU)<\/li>\n\n\n\n<li>HONOR AL MERITO DE LA I BRIGADA A\u00c9REA<\/li>\n\n\n\n<li>MEDALLA DE \u00a0HONOR DEL GRUPO DE TRANSPORTE A\u00c9REO<\/li>\n\n\n\n<li>MEDALLA DE LA AERON\u00c1UTICA \u00abHONOR AL MERITO\u00bb<\/li>\n\n\n\n<li>DISTINTIVO POR TIEMPO DE SERVICIOS PRESTADOS A LAS FFAA DE LA NACI\u00d3N (10 A\u00d1OS)<\/li>\n\n\n\n<li>DISTINTIVO POR TIEMPO DE SERVICIOS PRESTADOS A LAS FFAA DE LA NACI\u00d3N (15 A\u00d1OS)<\/li>\n\n\n\n<li>DISTINTIVO POR TIEMPO DE SERVICIOS PRESTADOS A LAS FFAA DE LA NACI\u00d3N (20 A\u00d1OS)<\/li>\n\n\n\n<li>DISTINTIVO POR TIEMPO DE SERVICIOS PRESTADOS\u00a0 A LAS FFAA DE LA NACI\u00d3N (25 A\u00d1OS)<\/li>\n<\/ul>\n\n\n\n<p><strong>&nbsp;<\/strong><strong>&nbsp;&nbsp;&nbsp;&nbsp;&nbsp;&nbsp;&nbsp;&nbsp;&nbsp;&nbsp;&nbsp;&nbsp;&nbsp;&nbsp;&nbsp;&nbsp;&nbsp;&nbsp;&nbsp;&nbsp;&nbsp;&nbsp;&nbsp; &nbsp;&nbsp;&nbsp;&nbsp;&nbsp;&nbsp;&nbsp;&nbsp;&nbsp;&nbsp;&nbsp;&nbsp;&nbsp;&nbsp;&nbsp;&nbsp;&nbsp;&nbsp;&nbsp;&nbsp;&nbsp;&nbsp;&nbsp;&nbsp;&nbsp;&nbsp;&nbsp;&nbsp;&nbsp;&nbsp;&nbsp;&nbsp;<u>UNIDAD ACTUAL<\/u><\/strong><\/p>\n\n\n\n<ul class=\"wp-block-list\">\n<li>COMANDO DE REGIONES A\u00c9REAS<\/li>\n<\/ul>\n\n\n\n<div class=\"wp-block-columns is-layout-flex wp-container-core-columns-is-layout-28f84493 wp-block-columns-is-layout-flex\">\n<div class=\"wp-block-column is-layout-flow wp-block-column-is-layout-flow\" style=\"flex-basis:33.33%\">\n<figure class=\"wp-block-image size-full\"><img decoding=\"async\" width=\"180\" height=\"220\" src=\"https:\/\/cimefor.mil.py\/cimefor\/wp-content\/uploads\/sites\/5\/2025\/07\/GRAL-BRIG-AER-OSCAR-JAVIER-SANTACRUZ-CESPEDES-2.jpg\" alt=\"\" class=\"wp-image-341\"\/><\/figure>\n<\/div>\n\n\n\n<div class=\"wp-block-column is-layout-flow wp-block-column-is-layout-flow\" style=\"flex-basis:66.66%\"><\/div>\n<\/div>\n","protected":false},"excerpt":{"rendered":"<p>S\u00cdNTESIS DE LEGAJO DEL&nbsp;CNEL DCEM &nbsp;OSCAR JAVIER SANTACRUZ C\u00c9SPEDES &nbsp;&nbsp;&nbsp;&nbsp;&nbsp;&nbsp;&nbsp;&nbsp;&nbsp;&nbsp;&nbsp;&nbsp;&nbsp;&nbsp;DATOS PERSONALES &nbsp;CARRERA MILITAR &nbsp;&nbsp;&nbsp;&nbsp;CURSOS REALIZADOS &nbsp;PRINCIPALES CARGOS DESEMPE\u00d1ADOS&nbsp;\u00ad\u00ad\u00ad\u00ad\u00ad &nbsp;DIPLOMA, BREVET, MEDALLAS Y DISTINTIVOS &nbsp;&nbsp;&nbsp;&nbsp;&nbsp;&nbsp;&nbsp;&nbsp;&nbsp;&nbsp;&nbsp;&nbsp;&nbsp;&nbsp;&nbsp;&nbsp;&nbsp;&nbsp;&nbsp;&nbsp;&nbsp;&nbsp;&nbsp;&nbsp; &nbsp;&nbsp;&nbsp;&nbsp;&nbsp;&nbsp;&nbsp;&nbsp;&nbsp;&nbsp;&nbsp;&nbsp;&nbsp;&nbsp;&nbsp;&nbsp;&nbsp;&nbsp;&nbsp;&nbsp;&nbsp;&nbsp;&nbsp;&nbsp;&nbsp;&nbsp;&nbsp;&nbsp;&nbsp;&nbsp;&nbsp;&nbsp;UNIDAD ACTUAL<\/p>\n","protected":false},"author":1,"featured_media":0,"parent":0,"menu_order":0,"comment_status":"closed","ping_status":"closed","template":"page-nosidebar.php","meta":{"footnotes":""},"class_list":["post-339","page","type-page","status-publish","hentry"],"_links":{"self":[{"href":"https:\/\/ffmm.mil.py\/fuerzaaerea\/wp-json\/wp\/v2\/pages\/339","targetHints":{"allow":["GET"]}}],"collection":[{"href":"https:\/\/ffmm.mil.py\/fuerzaaerea\/wp-json\/wp\/v2\/pages"}],"about":[{"href":"https:\/\/ffmm.mil.py\/fuerzaaerea\/wp-json\/wp\/v2\/types\/page"}],"author":[{"embeddable":true,"href":"https:\/\/ffmm.mil.py\/fuerzaaerea\/wp-json\/wp\/v2\/users\/1"}],"replies":[{"embeddable":true,"href":"https:\/\/ffmm.mil.py\/fuerzaaerea\/wp-json\/wp\/v2\/comments?post=339"}],"version-history":[{"count":1,"href":"https:\/\/ffmm.mil.py\/fuerzaaerea\/wp-json\/wp\/v2\/pages\/339\/revisions"}],"predecessor-version":[{"id":342,"href":"https:\/\/ffmm.mil.py\/fuerzaaerea\/wp-json\/wp\/v2\/pages\/339\/revisions\/342"}],"wp:attachment":[{"href":"https:\/\/ffmm.mil.py\/fuerzaaerea\/wp-json\/wp\/v2\/media?parent=339"}],"curies":[{"name":"wp","href":"https:\/\/api.w.org\/{rel}","templated":true}]}}