{"id":348,"date":"2025-07-10T16:53:00","date_gmt":"2025-07-10T14:53:00","guid":{"rendered":"https:\/\/migracion.ffmm.mil.py\/cimefor\/?page_id=348"},"modified":"2025-07-10T17:00:25","modified_gmt":"2025-07-10T15:00:25","slug":"gral-brig-aer-salomon-cesar-mareco-samudio","status":"publish","type":"page","link":"https:\/\/ffmm.mil.py\/fuerzaaerea\/gral-brig-aer-salomon-cesar-mareco-samudio\/","title":{"rendered":"GRAL BRIG AER SALOMON CESAR MARECO SAMUDIO"},"content":{"rendered":"\n<div class=\"wp-block-columns is-layout-flex wp-container-core-columns-is-layout-28f84493 wp-block-columns-is-layout-flex\">\n<div class=\"wp-block-column is-layout-flow wp-block-column-is-layout-flow\" style=\"flex-basis:33.33%\">\n<figure class=\"wp-block-image size-full\"><img decoding=\"async\" width=\"180\" height=\"220\" src=\"https:\/\/cimefor.mil.py\/cimefor\/wp-content\/uploads\/sites\/5\/2025\/07\/GRAL_BRIG_AER_SALOMON_CESAR_MARECO_SAMUDIO-reducido-180x220-2.jpg\" alt=\"\" class=\"wp-image-349\"\/><\/figure>\n<\/div>\n\n\n\n<div class=\"wp-block-column is-layout-flow wp-block-column-is-layout-flow\" style=\"flex-basis:66.66%\"><\/div>\n<\/div>\n\n\n\n<p><strong><u>S\u00cdNTESIS DE LEGAJO DEL&nbsp;&nbsp;<\/u><\/strong><strong><u>GRAL BRIG AER SALOM\u00d3N CESAR MARECO SAMUDIO<\/u><\/strong><\/p>\n\n\n\n<p><strong>&nbsp;&nbsp;&nbsp;&nbsp;&nbsp;&nbsp;&nbsp;&nbsp;<\/strong><strong><u>DATOS PERSONALES<\/u><\/strong><strong>&nbsp;&nbsp;&nbsp;&nbsp;&nbsp;&nbsp;&nbsp;&nbsp;&nbsp;&nbsp;&nbsp;&nbsp;&nbsp;&nbsp;&nbsp;&nbsp;&nbsp;&nbsp;&nbsp;&nbsp;&nbsp;&nbsp;&nbsp;&nbsp;&nbsp;&nbsp;&nbsp;&nbsp;&nbsp;&nbsp;&nbsp;&nbsp;&nbsp;&nbsp;&nbsp;&nbsp;<\/strong><\/p>\n\n\n\n<ul class=\"wp-block-list\">\n<li>NOMBRES \u00a0\u00a0\u00a0\u00a0\u00a0\u00a0\u00a0\u00a0\u00a0\u00a0\u00a0 : SALOM\u00d3N CESAR<\/li>\n\n\n\n<li>APELLIDOS : MARECO SAMUDIO<\/li>\n\n\n\n<li>FECHA DE NACIMIENTO : 14 DE MARZO DE 1971<\/li>\n\n\n\n<li>LUGAR DE NACIMIENTO : ASUNCI\u00d3N<\/li>\n\n\n\n<li>ESTADO CIVIL : CASADO<\/li>\n<\/ul>\n\n\n\n<p><strong>&nbsp;&nbsp;&nbsp;&nbsp; &nbsp;&nbsp;&nbsp;&nbsp;&nbsp;<u>CARRERA MILITAR<\/u><\/strong><\/p>\n\n\n\n<ul class=\"wp-block-list\">\n<li>A STTE \u00a0\u00a0\u00a0\u00a0\u00a0\u00a0\u00a0\u00a0\u00a0\u00a0\u00a0\u00a0\u00a0\u00a0\u00a0\u00a0\u00a0\u00a0\u00a0\u00a0\u00a0\u00a0 : 29 DE NOVIEMBRE DE 1993\u00a0\u00a0\u00a0\u00a0\u00a0\u00a0 DECRETO N\u00b0 1327<\/li>\n\n\n\n<li>A TTE : 27 DE DICIEMBRE DE 1995\u00a0\u00a0\u00a0\u00a0\u00a0\u00a0 DECRETO N\u00b0 11946<\/li>\n\n\n\n<li>A TTE1\u00b0 \u00a0\u00a0\u00a0 \u00a0\u00a0\u00a0\u00a0\u00a0\u00a0\u00a0\u00a0\u00a0\u00a0\u00a0\u00a0\u00a0\u00a0\u00a0\u00a0\u00a0\u00a0\u00a0\u00a0\u00a0\u00a0\u00a0\u00a0\u00a0\u00a0\u00a0\u00a0\u00a0\u00a0\u00a0\u00a0\u00a0\u00a0\u00a0\u00a0\u00a0\u00a0\u00a0\u00a0\u00a0\u00a0 : 11 DE DICIEMBRE DE 1998\u00a0\u00a0\u00a0\u00a0\u00a0\u00a0 DECRETO N\u00b0 1244<\/li>\n\n\n\n<li>A CAP \u00a0\u00a0\u00a0 \u00a0\u00a0\u00a0\u00a0\u00a0\u00a0\u00a0\u00a0\u00a0\u00a0\u00a0\u00a0\u00a0\u00a0\u00a0\u00a0\u00a0\u00a0\u00a0\u00a0\u00a0\u00a0\u00a0\u00a0\u00a0\u00a0\u00a0\u00a0\u00a0\u00a0 : 26 DE DICIEMBRE DE 2002\u00a0\u00a0\u00a0\u00a0\u00a0\u00a0 DECRETO N\u00b0 19519<\/li>\n\n\n\n<li>A MY \u00a0\u00a0\u00a0\u00a0\u00a0\u00a0\u00a0\u00a0\u00a0\u00a0\u00a0 \u00a0\u00a0\u00a0\u00a0\u00a0\u00a0\u00a0\u00a0\u00a0\u00a0\u00a0\u00a0\u00a0\u00a0\u00a0\u00a0\u00a0\u00a0\u00a0\u00a0\u00a0\u00a0\u00a0\u00a0\u00a0\u00a0\u00a0\u00a0\u00a0\u00a0\u00a0\u00a0\u00a0 : 27 DE DICIEMBRE DE 2007\u00a0\u00a0\u00a0\u00a0\u00a0\u00a0 DECRETO N\u00b0 11468<\/li>\n\n\n\n<li>A TCNEL \u00a0\u00a0\u00a0\u00a0\u00a0\u00a0\u00a0\u00a0\u00a0\u00a0 \u00a0\u00a0\u00a0\u00a0\u00a0\u00a0\u00a0\u00a0\u00a0\u00a0\u00a0\u00a0\u00a0\u00a0\u00a0\u00a0\u00a0\u00a0\u00a0\u00a0\u00a0\u00a0\u00a0\u00a0\u00a0\u00a0\u00a0\u00a0\u00a0\u00a0\u00a0\u00a0\u00a0\u00a0 : 17 DE DICIEMBRE DE 2012\u00a0\u00a0\u00a0\u00a0\u00a0\u00a0 DECRETO N\u00b0 10265<\/li>\n\n\n\n<li>A CNEL \u00a0\u00a0 \u00a0\u00a0\u00a0\u00a0\u00a0\u00a0\u00a0\u00a0\u00a0\u00a0\u00a0\u00a0\u00a0\u00a0\u00a0\u00a0\u00a0\u00a0\u00a0\u00a0 : 23 DE MARZO DE 2017\u00a0\u00a0\u00a0 \u00a0\u00a0\u00a0\u00a0\u00a0\u00a0 DECRETO N\u00ba\u00a0 6950<\/li>\n\n\n\n<li>A GRAL BRIG : 27 DE DICIEMBRE DE 2023\u00a0\u00a0\u00a0\u00a0 DECRETO N\u00ba 935<\/li>\n<\/ul>\n\n\n\n<p><strong>&nbsp;&nbsp;&nbsp;&nbsp; &nbsp;&nbsp;&nbsp;&nbsp;&nbsp;<u>CURSOS REALIZADOS<\/u><\/strong><\/p>\n\n\n\n<ul class=\"wp-block-list\">\n<li>ESTANDARIZACI\u00d3N<\/li>\n\n\n\n<li>PILOTO AVIADOR MILITAR<\/li>\n\n\n\n<li>PARACAIDISMO B\u00c1SICO MILITAR<\/li>\n\n\n\n<li>T\u00c1CTICA A\u00c9REA<\/li>\n\n\n\n<li>MANTENIMIENTO B\u00c1SICO DE AERONAVES PARA OFICIALES<\/li>\n\n\n\n<li>PERFECCIONAMIENTO DE OFICIALES DE LA FUERZA A\u00c9REA<\/li>\n\n\n\n<li>OBSERVADOR MILITAR EN OPERACIONES DE MANTENIMIENTO DE PAZ<\/li>\n\n\n\n<li>DIPLOMADO DE COMANDO Y ESTADO MAYOR<\/li>\n\n\n\n<li>POL\u00cdTICA Y ESTRATEGIA AEROESPACIAL (CPEA)<\/li>\n\n\n\n<li>MAGISTER EN CIENCIAS MILITARES<\/li>\n\n\n\n<li>MAESTR\u00cdA Y PLANIFICACI\u00d3N Y CONDUCCI\u00d3N ESTRAT\u00c9GICA NACIONAL<\/li>\n\n\n\n<li>DOCTOR EN DEFENSA, DESARROLLO Y SEGURIDAD DE ESTRATEGIA NACIONAL<\/li>\n<\/ul>\n\n\n\n<p><strong>&nbsp;<u>CARGOS OCUPADOS<\/u><\/strong><\/p>\n\n\n\n<ul class=\"wp-block-list\">\n<li>COMANDANTE DE LA BASE A\u00c9REA PRATTS GIIL<\/li>\n\n\n\n<li>JEFE DEL DEPARTAMENTO DE MANTENIMIENTO DEL GRUPO A\u00c9REO DE MANTENIMIENTO<\/li>\n\n\n\n<li>COORDINADOR NACIONAL DE SEGURIDAD AEROPORTUARIA<\/li>\n\n\n\n<li>EDEC\u00c1N AERON\u00c1UTICO DEL SE\u00d1OR MINISTRO DE DEFENSA NACIONAL<\/li>\n\n\n\n<li>AGREGADO AERON\u00c1UTICO DE LA EMBAJADA DEL PARAGUAY EN LA REP\u00daBLICA DEL URUGUAY<\/li>\n\n\n\n<li>JEFE DE ESTADO MAYOR DEL CIAERE<\/li>\n\n\n\n<li>COMANDANTE DEL CIAERE<\/li>\n<\/ul>\n\n\n\n<p><strong>&nbsp;&nbsp;&nbsp;&nbsp;&nbsp;&nbsp;&nbsp;&nbsp;&nbsp;&nbsp;&nbsp;&nbsp;&nbsp;&nbsp;&nbsp;&nbsp;&nbsp;&nbsp;&nbsp;&nbsp;&nbsp;&nbsp;&nbsp;&nbsp;&nbsp;&nbsp;&nbsp;&nbsp;&nbsp;&nbsp;&nbsp;&nbsp;&nbsp;&nbsp;&nbsp;&nbsp;&nbsp;&nbsp;&nbsp;&nbsp;&nbsp;&nbsp;&nbsp;&nbsp;&nbsp;&nbsp; &nbsp;&nbsp;<u>DIPLOMAS, BREVET Y DISTINTIVOS<\/u><\/strong><\/p>\n\n\n\n<ul class=\"wp-block-list\">\n<li>DIPLOMA DE ESTANDARIZACI\u00d3N<\/li>\n\n\n\n<li>DIPLOMA Y DISTINTIVO DEL CURSO DE PILOTO AVIADOR MILITAR.<\/li>\n\n\n\n<li>DIPLOMA Y DISTINTIVO DE PARACAIDISMO B\u00c1SICO MILITAR<\/li>\n<\/ul>\n\n\n\n<p><strong>&nbsp; &nbsp; &nbsp; &nbsp; &nbsp; &nbsp; &nbsp; &nbsp; &nbsp; &nbsp; &nbsp; &nbsp; &nbsp; &nbsp; &nbsp; &nbsp; &nbsp;ESTADO MAYOR GENERAL DE LA FUERZA A\u00c9REA<\/strong><\/p>\n\n\n\n<ul class=\"wp-block-list\">\n<li>MEDALLA MARISCAL TROMPOWSKY<\/li>\n\n\n\n<li>DIPLOMA Y DISTINTIVO DE T\u00c1CTICA A\u00c9REA<\/li>\n\n\n\n<li>DIPLOMA Y DISTINTIVO DE PERFECCIONAMIENTO DE OFICIALES DE LA FUERZA A\u00c9REA<\/li>\n\n\n\n<li>DIPLOMA Y DISTINTIVO DEL CURSO DE OBSERVADOR MILITAR<\/li>\n\n\n\n<li>DIPLOMA DE MAGISTER EN CIENCIAS MILITARES<\/li>\n\n\n\n<li>DIPLOMA Y DISTINTIVO DE COMANDO Y ESTADO MAYOR DE LA FUERZA A\u00c9REA<\/li>\n\n\n\n<li>DIPLOMA Y DISTINTIVO DE POL\u00cdTICA Y ESTRATEGIA AEROESPACIAL (CEPEA)<\/li>\n\n\n\n<li>DIPLOMA Y DISTINTIVO DE MAESTR\u00cdA Y PLANIFICACI\u00d3N Y CONDUCCI\u00d3N ESTRAT\u00c9GICA NACIONAL<\/li>\n\n\n\n<li>TITULO DE DOCTOR EN DEFENSA, DESARROLLO Y SEGURIDAD DE ESTRATEGIA NACIONAL<\/li>\n\n\n\n<li>MEDALLA DE LA AERON\u00c1UTICA \u201cHONOR AL M\u00c9RITO\u201d<\/li>\n\n\n\n<li>MEDALLA DE HONOR DE LA PREFECTURA GENERAL AERON\u00c1UTICA<\/li>\n\n\n\n<li>MEDALLA DE HONOR AL MERITO DEL CIAERE<\/li>\n\n\n\n<li>MEDALLA DE HONOR EN CONMEMORACI\u00d3N AL CENTENARIO DE LA AVIACI\u00d3N MILITAR PARAGUAYA<\/li>\n\n\n\n<li>DISTINTIVO DE SERVICIOS PRESTADOS EN LAS FUERZAS ARMADAS DE LA NACI\u00d3N (10 A\u00d1OS)<\/li>\n\n\n\n<li>DISTINTIVO DE SERVICIOS PRESTADOS EN LAS FUERZAS ARMADAS DE LA NACI\u00d3N (15 A\u00d1OS)<\/li>\n\n\n\n<li>DISTINTIVO DE SERVICIOS PRESTADOS EN LAS FUERZAS ARMADAS DE LA NACI\u00d3N (20 A\u00d1OS)<\/li>\n\n\n\n<li>DISTINTIVO DE SERVICIOS PRESTADOS EN LAS FUERZAS ARMADAS DE LA NACI\u00d3N (25 A\u00d1OS)<\/li>\n\n\n\n<li>DISTINTIVO DE SERVICIOS PRESTADOS EN LAS FUERZAS ARMADAS DE LA NACI\u00d3N (30 A\u00d1OS)<\/li>\n<\/ul>\n\n\n\n<p><strong><u>UNIDAD ACTUAL<\/u><\/strong><\/p>\n\n\n\n<ul class=\"wp-block-list\">\n<li>COMANDO DE INSTITUTOS AERONAUTICOS DE ENSE\u00d1ANZA<\/li>\n<\/ul>\n\n\n\n<div class=\"wp-block-columns is-layout-flex wp-container-core-columns-is-layout-28f84493 wp-block-columns-is-layout-flex\">\n<div class=\"wp-block-column is-layout-flow wp-block-column-is-layout-flow\" style=\"flex-basis:33.33%\">\n<figure class=\"wp-block-image size-full\"><img decoding=\"async\" width=\"180\" height=\"220\" src=\"https:\/\/cimefor.mil.py\/cimefor\/wp-content\/uploads\/sites\/5\/2025\/07\/GRAL_BRIG_AER_SALOMON_CESAR_MARECO_SAMUDIO-reducido-180x220-3.jpg\" alt=\"\" class=\"wp-image-350\"\/><\/figure>\n<\/div>\n\n\n\n<div class=\"wp-block-column is-layout-flow wp-block-column-is-layout-flow\" style=\"flex-basis:66.66%\"><\/div>\n<\/div>\n","protected":false},"excerpt":{"rendered":"<p>S\u00cdNTESIS DE LEGAJO DEL&nbsp;&nbsp;GRAL BRIG AER SALOM\u00d3N CESAR MARECO SAMUDIO &nbsp;&nbsp;&nbsp;&nbsp;&nbsp;&nbsp;&nbsp;&nbsp;DATOS PERSONALES&nbsp;&nbsp;&nbsp;&nbsp;&nbsp;&nbsp;&nbsp;&nbsp;&nbsp;&nbsp;&nbsp;&nbsp;&nbsp;&nbsp;&nbsp;&nbsp;&nbsp;&nbsp;&nbsp;&nbsp;&nbsp;&nbsp;&nbsp;&nbsp;&nbsp;&nbsp;&nbsp;&nbsp;&nbsp;&nbsp;&nbsp;&nbsp;&nbsp;&nbsp;&nbsp;&nbsp; &nbsp;&nbsp;&nbsp;&nbsp; &nbsp;&nbsp;&nbsp;&nbsp;&nbsp;CARRERA MILITAR &nbsp;&nbsp;&nbsp;&nbsp; &nbsp;&nbsp;&nbsp;&nbsp;&nbsp;CURSOS REALIZADOS &nbsp;CARGOS OCUPADOS &nbsp;&nbsp;&nbsp;&nbsp;&nbsp;&nbsp;&nbsp;&nbsp;&nbsp;&nbsp;&nbsp;&nbsp;&nbsp;&nbsp;&nbsp;&nbsp;&nbsp;&nbsp;&nbsp;&nbsp;&nbsp;&nbsp;&nbsp;&nbsp;&nbsp;&nbsp;&nbsp;&nbsp;&nbsp;&nbsp;&nbsp;&nbsp;&nbsp;&nbsp;&nbsp;&nbsp;&nbsp;&nbsp;&nbsp;&nbsp;&nbsp;&nbsp;&nbsp;&nbsp;&nbsp;&nbsp; &nbsp;&nbsp;DIPLOMAS, BREVET Y DISTINTIVOS &nbsp; &nbsp; &nbsp; &nbsp; &nbsp; &nbsp; &nbsp; &nbsp; &nbsp; &nbsp; &nbsp; &nbsp; &nbsp; &nbsp; &nbsp; &nbsp; &nbsp;ESTADO MAYOR GENERAL DE LA FUERZA A\u00c9REA UNIDAD ACTUAL<\/p>\n","protected":false},"author":1,"featured_media":0,"parent":0,"menu_order":0,"comment_status":"closed","ping_status":"closed","template":"page-nosidebar.php","meta":{"footnotes":""},"class_list":["post-348","page","type-page","status-publish","hentry"],"_links":{"self":[{"href":"https:\/\/ffmm.mil.py\/fuerzaaerea\/wp-json\/wp\/v2\/pages\/348","targetHints":{"allow":["GET"]}}],"collection":[{"href":"https:\/\/ffmm.mil.py\/fuerzaaerea\/wp-json\/wp\/v2\/pages"}],"about":[{"href":"https:\/\/ffmm.mil.py\/fuerzaaerea\/wp-json\/wp\/v2\/types\/page"}],"author":[{"embeddable":true,"href":"https:\/\/ffmm.mil.py\/fuerzaaerea\/wp-json\/wp\/v2\/users\/1"}],"replies":[{"embeddable":true,"href":"https:\/\/ffmm.mil.py\/fuerzaaerea\/wp-json\/wp\/v2\/comments?post=348"}],"version-history":[{"count":1,"href":"https:\/\/ffmm.mil.py\/fuerzaaerea\/wp-json\/wp\/v2\/pages\/348\/revisions"}],"predecessor-version":[{"id":351,"href":"https:\/\/ffmm.mil.py\/fuerzaaerea\/wp-json\/wp\/v2\/pages\/348\/revisions\/351"}],"wp:attachment":[{"href":"https:\/\/ffmm.mil.py\/fuerzaaerea\/wp-json\/wp\/v2\/media?parent=348"}],"curies":[{"name":"wp","href":"https:\/\/api.w.org\/{rel}","templated":true}]}}