{"id":353,"date":"2025-07-10T16:57:23","date_gmt":"2025-07-10T14:57:23","guid":{"rendered":"https:\/\/migracion.ffmm.mil.py\/cimefor\/?page_id=353"},"modified":"2025-07-10T17:00:12","modified_gmt":"2025-07-10T15:00:12","slug":"gral-brig-aer-victor-ireneo-samaniego-quinonez","status":"publish","type":"page","link":"https:\/\/ffmm.mil.py\/fuerzaaerea\/gral-brig-aer-victor-ireneo-samaniego-quinonez\/","title":{"rendered":"GRAL BRIG AER VICTOR IRENEO SAMANIEGO QUI\u00d1ONEZ"},"content":{"rendered":"\n<div class=\"wp-block-columns is-layout-flex wp-container-core-columns-is-layout-28f84493 wp-block-columns-is-layout-flex\">\n<div class=\"wp-block-column is-layout-flow wp-block-column-is-layout-flow\" style=\"flex-basis:33.33%\">\n<figure class=\"wp-block-image size-full\"><img decoding=\"async\" width=\"180\" height=\"220\" src=\"https:\/\/cimefor.mil.py\/cimefor\/wp-content\/uploads\/sites\/5\/2025\/07\/GRAL_BRIG_AER_VICTOR_IRENEO_SAMANIEGO_QUINONEZ-180x220mejor-180x220-2.jpg\" alt=\"\" class=\"wp-image-354\"\/><\/figure>\n<\/div>\n\n\n\n<div class=\"wp-block-column is-layout-flow wp-block-column-is-layout-flow\" style=\"flex-basis:66.66%\"><\/div>\n<\/div>\n\n\n\n<p><strong><u>S\u00cdNTESIS DE LEGAJO DEL&nbsp;&nbsp;<\/u><\/strong><strong><u>GRAL BRIG AER V\u00cdCTOR IRENEO SAMANIEGO QUI\u00d1ONEZ<\/u><\/strong><\/p>\n\n\n\n<p><strong>&nbsp;&nbsp;<u>DATOS PERSONALES<\/u><\/strong><\/p>\n\n\n\n<p>\u2013 NOMBRES\u00a0\u00a0\u00a0\u00a0\u00a0\u00a0\u00a0\u00a0\u00a0\u00a0\u00a0\u00a0\u00a0\u00a0\u00a0\u00a0\u00a0\u00a0\u00a0\u00a0\u00a0\u00a0\u00a0\u00a0\u00a0\u00a0\u00a0\u00a0\u00a0\u00a0\u00a0\u00a0\u00a0\u00a0\u00a0\u00a0\u00a0 \u00a0\u00a0\u00a0\u00a0\u00a0\u00a0\u00a0\u00a0\u00a0\u00a0\u00a0: V\u00cdCTOR IRENEO<\/p>\n\n\n\n<p>\u2013 APELLIDOS&nbsp;&nbsp;&nbsp;&nbsp;&nbsp;&nbsp;&nbsp;&nbsp;&nbsp;&nbsp;&nbsp;&nbsp;&nbsp;&nbsp;&nbsp;&nbsp;&nbsp;&nbsp;&nbsp;&nbsp;&nbsp;&nbsp;&nbsp;&nbsp;&nbsp;&nbsp;&nbsp;&nbsp;&nbsp;&nbsp;&nbsp;&nbsp;&nbsp;&nbsp;&nbsp;&nbsp;&nbsp;&nbsp;&nbsp;&nbsp;&nbsp;&nbsp;&nbsp;&nbsp;&nbsp;&nbsp; : SAMANIEGO QUI\u00d1ONEZ<\/p>\n\n\n\n<p>\u2013 FECHA DE NACIMIENTO\u00a0\u00a0\u00a0\u00a0\u00a0\u00a0\u00a0\u00a0\u00a0\u00a0\u00a0            : 14 DE ABRIL DE 1970<\/p>\n\n\n\n<p>\u2013 LUGAR DE NACIMIENTO&nbsp;&nbsp;&nbsp;&nbsp;&nbsp;&nbsp;&nbsp;&nbsp;&nbsp;&nbsp;&nbsp;&nbsp;&nbsp;&nbsp;&nbsp;&nbsp;&nbsp;&nbsp;&nbsp;&nbsp;&nbsp;&nbsp; : ASUNCI\u00d3N<\/p>\n\n\n\n<p>\u2013 ESTADO CIVIL \u00a0\u00a0\u00a0\u00a0\u00a0\u00a0\u00a0\u00a0\u00a0\u00a0\u00a0\u00a0\u00a0\u00a0\u00a0\u00a0\u00a0\u00a0\u00a0\u00a0\u00a0\u00a0\u00a0\u00a0\u00a0\u00a0\u00a0\u00a0 \u00a0\u00a0\u00a0\u00a0\u00a0\u00a0\u00a0\u00a0\u00a0\u00a0\u00a0  : CASADO<\/p>\n\n\n\n<p><strong>&nbsp;&nbsp;&nbsp;&nbsp;<u>CARRERA MILITAR<\/u><\/strong><\/p>\n\n\n\n<ul class=\"wp-block-list\">\n<li>A STTE \u00a0\u00a0\u00a0\u00a0\u00a0\u00a0\u00a0\u00a0\u00a0\u00a0\u00a0 \u00a0\u00a0\u00a0\u00a0\u00a0\u00a0\u00a0\u00a0\u00a0\u00a0\u00a0\u00a0\u00a0\u00a0\u00a0\u00a0\u00a0\u00a0\u00a0\u00a0\u00a0\u00a0 \u00a0: 29 DE NOVIEMBRE DE 1993\u00a0\u00a0\u00a0\u00a0\u00a0\u00a0 DECRETO N\u00b0 1327<\/li>\n\n\n\n<li>A TTE \u00a0\u00a0\u00a0\u00a0\u00a0\u00a0\u00a0\u00a0\u00a0\u00a0\u00a0\u00a0\u00a0\u00a0\u00a0\u00a0\u00a0\u00a0\u00a0\u00a0\u00a0\u00a0\u00a0\u00a0\u00a0\u00a0\u00a0\u00a0\u00a0\u00a0\u00a0\u00a0\u00a0\u00a0\u00a0\u00a0\u00a0\u00a0\u00a0\u00a0\u00a0\u00a0\u00a0\u00a0\u00a0\u00a0 : 27 DE DICIEMBRE DE 1995\u00a0\u00a0\u00a0\u00a0\u00a0\u00a0 DECRETO N\u00b0 11946<\/li>\n\n\n\n<li>A TTE1\u00b0 \u00a0\u00a0\u00a0 \u00a0\u00a0\u00a0\u00a0\u00a0\u00a0\u00a0\u00a0\u00a0\u00a0\u00a0\u00a0\u00a0\u00a0\u00a0\u00a0\u00a0\u00a0\u00a0\u00a0\u00a0\u00a0\u00a0\u00a0\u00a0\u00a0\u00a0\u00a0\u00a0\u00a0 \u00a0\u00a0\u00a0\u00a0\u00a0\u00a0\u00a0\u00a0\u00a0\u00a0\u00a0 : 11 DE DICIEMBRE DE 1998\u00a0\u00a0\u00a0\u00a0\u00a0\u00a0 DECRETO N\u00b0 1244<\/li>\n\n\n\n<li>A CAP \u00a0\u00a0\u00a0 \u00a0\u00a0\u00a0\u00a0\u00a0\u00a0\u00a0\u00a0\u00a0\u00a0\u00a0\u00a0\u00a0\u00a0\u00a0\u00a0\u00a0\u00a0\u00a0 \u00a0\u00a0\u00a0\u00a0\u00a0\u00a0\u00a0\u00a0\u00a0\u00a0\u00a0 : 26 DE DICIEMBRE DE 2002\u00a0\u00a0\u00a0\u00a0\u00a0\u00a0 DECRETO N\u00b0 19519<\/li>\n\n\n\n<li>A MY \u00a0\u00a0\u00a0\u00a0\u00a0\u00a0\u00a0\u00a0\u00a0\u00a0\u00a0 \u00a0\u00a0\u00a0\u00a0\u00a0\u00a0\u00a0\u00a0\u00a0\u00a0\u00a0\u00a0\u00a0\u00a0\u00a0\u00a0\u00a0\u00a0\u00a0\u00a0\u00a0\u00a0\u00a0\u00a0\u00a0\u00a0\u00a0\u00a0\u00a0\u00a0\u00a0\u00a0\u00a0 : 27 DE DICIEMBRE DE 2007\u00a0\u00a0\u00a0\u00a0\u00a0\u00a0 DECRETO N\u00b0 11468<\/li>\n\n\n\n<li>A TCNEL \u00a0\u00a0\u00a0\u00a0\u00a0\u00a0\u00a0\u00a0\u00a0\u00a0 \u00a0\u00a0\u00a0\u00a0\u00a0\u00a0\u00a0\u00a0\u00a0\u00a0\u00a0 \u00a0\u00a0\u00a0\u00a0\u00a0\u00a0\u00a0\u00a0\u00a0\u00a0\u00a0\u00a0\u00a0\u00a0\u00a0\u00a0\u00a0\u00a0\u00a0\u00a0\u00a0\u00a0\u00a0 : 17 DE DICIEMBRE DE 2012\u00a0\u00a0\u00a0\u00a0\u00a0\u00a0 DECRETO N\u00b0 10265<\/li>\n\n\n\n<li>A CNEL \u00a0\u00a0\u00a0\u00a0\u00a0\u00a0\u00a0\u00a0\u00a0\u00a0\u00a0\u00a0\u00a0\u00a0\u00a0\u00a0\u00a0\u00a0\u00a0\u00a0\u00a0\u00a0\u00a0 \u00a0\u00a0 \u00a0\u00a0\u00a0\u00a0\u00a0\u00a0\u00a0\u00a0\u00a0\u00a0\u00a0\u00a0\u00a0\u00a0\u00a0\u00a0\u00a0\u00a0\u00a0\u00a0 : 23 DE MARZO DE 2017\u00a0\u00a0\u00a0 \u00a0\u00a0\u00a0\u00a0\u00a0\u00a0 DECRETO N\u00ba\u00a0 6950<\/li>\n\n\n\n<li>A GRAL BRIG \u00a0\u00a0\u00a0\u00a0\u00a0\u00a0\u00a0\u00a0\u00a0\u00a0\u00a0 \u00a0\u00a0\u00a0\u00a0\u00a0\u00a0\u00a0\u00a0\u00a0\u00a0\u00a0\u00a0\u00a0\u00a0\u00a0\u00a0\u00a0\u00a0\u00a0\u00a0\u00a0\u00a0\u00a0 : 27 DE DICIEMBRE DE 2023\u00a0\u00a0\u00a0\u00a0\u00a0\u00a0 DECRETO N\u00ba 935<\/li>\n<\/ul>\n\n\n\n<p><strong>&nbsp;&nbsp;&nbsp;&nbsp;&nbsp;<u>CURSOS REALIZADOS<\/u><\/strong><\/p>\n\n\n\n<ul class=\"wp-block-list\">\n<li>ESTANDARIZACI\u00d3N<\/li>\n\n\n\n<li>PARACAIDISMO B\u00c1SICO MILITAR<\/li>\n\n\n\n<li>PILOTO AVIADOR MILITAR<\/li>\n\n\n\n<li>PILOTO DE CAZA<\/li>\n\n\n\n<li>INSTRUCTOR DE CAZA<\/li>\n\n\n\n<li>T\u00c1CTICA A\u00c9REA<\/li>\n\n\n\n<li>PADRONIZACI\u00d3N DE INSTRUCTORES<\/li>\n\n\n\n<li>PERFECCIONAMIENTO DE OFICIALES<\/li>\n\n\n\n<li>COMANDO Y ESTADO MAYOR DE LA FUERZA A\u00c9REA<\/li>\n\n\n\n<li>COMANDO Y ESTADO MAYOR A\u00c9REO (REALIZADO EN LOS EE.UU)<\/li>\n\n\n\n<li>OBSERVADOR MILITAR DE LAS NACIONES UNIDAS<\/li>\n\n\n\n<li>L\u00cdDER DE ELEMENTO DE CAZA<\/li>\n\n\n\n<li>LICENCIADO EN CIENCIAS MILITARES<\/li>\n\n\n\n<li>MAGISTER EN CIENCIAS MILITARES<\/li>\n\n\n\n<li>MAGISTER EN OPERACIONES MILITARES<\/li>\n\n\n\n<li>MAESTR\u00cdA EN PLANIFICACI\u00d3N Y CONDUCCI\u00d3N ESTRAT\u00c9GICA NACIONAL<\/li>\n\n\n\n<li>DESARROLLO NACIONAL<\/li>\n<\/ul>\n\n\n\n<p><strong>&nbsp;&nbsp;&nbsp;&nbsp;&nbsp;&nbsp;&nbsp;<u>CARGOS OCUPADOS<\/u><\/strong><\/p>\n\n\n\n<ul class=\"wp-block-list\">\n<li>INSTRUCTOR DE LA EPOFAER<\/li>\n\n\n\n<li>JEFE DE DIVISI\u00d3N PRESUPUESTO DEL C.F.N\u00ba 4<\/li>\n\n\n\n<li>JEFE DE PERSONAL DEL CENTRO FINANCIERO N\u00ba 4<\/li>\n\n\n\n<li>JEFE DE LA UNIDAD ADMINISTRATIVA Y FINANCIERA DE LA BRIGADA LOG\u00cdSTICA<\/li>\n\n\n\n<li>JEFE DEL DEPARTAMENTO ADMINISTRATIVO DEL A-3 OPERACIONES<\/li>\n\n\n\n<li>JEFE DEL DEPARTAMENTO DE OPERACIONES DEL A-3 EMGFAER<\/li>\n\n\n\n<li>ADJUNTO DE LA AUDITORIA INTERNA DE LA FUERZA A\u00c9REA<\/li>\n\n\n\n<li>AUDITOR INTERNO DE LA FUERZA A\u00c9REA<\/li>\n\n\n\n<li>AYUDANTE DE ORDEN AERON\u00c1UTICO DEL COMANDO DE LAS FUERZAS MILITARES<\/li>\n\n\n\n<li>DIRECTOR GENERAL DE ADMINISTRACI\u00d3N Y FINANZAS DEL GABIMIL<\/li>\n\n\n\n<li>DIRECTOR DE OPERACIONES A-3 EMGFAER<\/li>\n\n\n\n<li>AGREGADO AERON\u00c1UTICO EMBAJADA PARAGUAY\/RCA ARGENTINA<\/li>\n\n\n\n<li>JEFE DE ESTADO MAYOR DEL COMANDO DE REGIONES A\u00c9REAS<\/li>\n\n\n\n<li>COMANDANTE DE LA BRIGADA LOG\u00cdSTICA<\/li>\n<\/ul>\n\n\n\n<p><strong>&nbsp;&nbsp;&nbsp;&nbsp;&nbsp;&nbsp;&nbsp;&nbsp;&nbsp;&nbsp;&nbsp;&nbsp;<u>DIPLOMAS, BREVET Y DISTINTIVOS<\/u><\/strong><\/p>\n\n\n\n<ul class=\"wp-block-list\">\n<li>DIPLOMA DEL CURSO DE ESTANDARIZACI\u00d3N<\/li>\n\n\n\n<li>DIPLOMA, BREVET Y DISTINTIVO DE PARACAIDISMO B\u00c1SICO MILITAR<\/li>\n\n\n\n<li>DIPLOMA, BREVET Y DISTINTIVO DE PILOTO AVIADOR MILITAR<\/li>\n\n\n\n<li>DIPLOMA Y DISTINTIVO DE PILOTO DE CAZA<\/li>\n\n\n\n<li>DIPLOMA Y DISTINTIVO DE INSTRUCTOR DE CAZA<\/li>\n\n\n\n<li>DIPLOMA Y DISTINTIVO DE T\u00c1CTICA A\u00c9REA<\/li>\n\n\n\n<li>DIPLOMA Y DISTINTIVO DE PADRONIZACI\u00d3N DE INSTRUCTORES<\/li>\n\n\n\n<li>DIPLOMA Y DISTINTIVO DE PERFECCIONAMIENTO DE OFICIALES<\/li>\n\n\n\n<li>DIPLOMA Y DISTINTIVO DE COMANDO Y ESTADO MAYOR DE LA FUERZA A\u00c9REA<\/li>\n\n\n\n<li>DIPLOMA Y DISTINTIVO DE COMANDO Y ESTADO MAYOR A\u00c9REO (REALIZADO EN LOS EE.UU)<\/li>\n\n\n\n<li>DIPLOMA Y DISTINTIVO DE OBSERVADOR MILITAR DE LAS NACIONES UNIDAS<\/li>\n\n\n\n<li>DIPLOMA Y DISTINTIVO DE L\u00cdDER DE ELEMENTO DE CAZA<\/li>\n\n\n\n<li>DIPLOMA Y DISTINTIVO DE MAESTR\u00cdA EN PLANIFICACI\u00d3N Y CONDUCCI\u00d3N ESTRAT\u00c9GICA NACIONAL<\/li>\n\n\n\n<li>MEDALLA DE LA FUERZA A\u00c9REA DE CHILE A\u00d1O 1993<\/li>\n\n\n\n<li>MEDALLA DE HONOR DEL COMANDO DE INSTITUTOS AERON\u00c1UTICOS DE ENSE\u00d1ANZA A\u00d1O 2005<\/li>\n\n\n\n<li>MEDALLA DE HONOR EN CONMEMORACI\u00d3N AL CENTENARIO DE LA AVIACI\u00d3N MILITAR PARAGUAYA<\/li>\n\n\n\n<li>DIPLOMA Y DISTINTIVO ASOCIACI\u00d3N AGREGADOS FFAA EN EL GRADO DE HONOR<\/li>\n\n\n\n<li>DIPLOMA Y DISTINTIVO DE MERITO AERON\u00c1UTICO (GRADO GRAN OFICIAL)<\/li>\n\n\n\n<li>DISTINTIVO DE SERVICIOS PRESTADOS EN LA FUERZAS ARMADAS DE LA NACI\u00d3N (10 A\u00d1OS)<\/li>\n\n\n\n<li>DISTINTIVO DE SERVICIOS PRESTADOS EN LA FUERZAS ARMADAS DE LA NACI\u00d3N (15 A\u00d1OS)<\/li>\n\n\n\n<li>DISTINTIVO DE SERVICIOS PRESTADOS EN LAS FUERZAS ARMADAS DE LA NACI\u00d3N (20 A\u00d1OS)<\/li>\n\n\n\n<li>DISTINTIVO DE SERVICIOS PRESTADOS EN LAS FUERZAS ARMADAS DE LA NACI\u00d3N (25 A\u00d1OS)<\/li>\n\n\n\n<li>DISTINTIVO DE SERVICIOS PRESTADOS EN LAS FUERZAS ARMADAS DE LA NACI\u00d3N (30A\u00d1OS)<\/li>\n<\/ul>\n\n\n\n<p><strong><u>UNIDAD ACTUAL<\/u><\/strong><\/p>\n\n\n\n<p>\u2013&nbsp; BRIGADA LOGISTICA<\/p>\n\n\n\n<div class=\"wp-block-columns is-layout-flex wp-container-core-columns-is-layout-28f84493 wp-block-columns-is-layout-flex\">\n<div class=\"wp-block-column is-layout-flow wp-block-column-is-layout-flow\" style=\"flex-basis:33.33%\">\n<figure class=\"wp-block-image size-full\"><img decoding=\"async\" width=\"180\" height=\"220\" src=\"https:\/\/cimefor.mil.py\/cimefor\/wp-content\/uploads\/sites\/5\/2025\/07\/GRAL_BRIG_AER_VICTOR_IRENEO_SAMANIEGO_QUINONEZ-180x220mejor-180x220-3.jpg\" alt=\"\" class=\"wp-image-355\"\/><\/figure>\n<\/div>\n\n\n\n<div class=\"wp-block-column is-layout-flow wp-block-column-is-layout-flow\" style=\"flex-basis:66.66%\"><\/div>\n<\/div>\n","protected":false},"excerpt":{"rendered":"<p>S\u00cdNTESIS DE LEGAJO DEL&nbsp;&nbsp;GRAL BRIG AER V\u00cdCTOR IRENEO SAMANIEGO QUI\u00d1ONEZ &nbsp;&nbsp;DATOS PERSONALES \u2013 NOMBRES\u00a0\u00a0\u00a0\u00a0\u00a0\u00a0\u00a0\u00a0\u00a0\u00a0\u00a0\u00a0\u00a0\u00a0\u00a0\u00a0\u00a0\u00a0\u00a0\u00a0\u00a0\u00a0\u00a0\u00a0\u00a0\u00a0\u00a0\u00a0\u00a0\u00a0\u00a0\u00a0\u00a0\u00a0\u00a0\u00a0\u00a0 \u00a0\u00a0\u00a0\u00a0\u00a0\u00a0\u00a0\u00a0\u00a0\u00a0\u00a0: V\u00cdCTOR IRENEO \u2013 APELLIDOS&nbsp;&nbsp;&nbsp;&nbsp;&nbsp;&nbsp;&nbsp;&nbsp;&nbsp;&nbsp;&nbsp;&nbsp;&nbsp;&nbsp;&nbsp;&nbsp;&nbsp;&nbsp;&nbsp;&nbsp;&nbsp;&nbsp;&nbsp;&nbsp;&nbsp;&nbsp;&nbsp;&nbsp;&nbsp;&nbsp;&nbsp;&nbsp;&nbsp;&nbsp;&nbsp;&nbsp;&nbsp;&nbsp;&nbsp;&nbsp;&nbsp;&nbsp;&nbsp;&nbsp;&nbsp;&nbsp; : SAMANIEGO QUI\u00d1ONEZ \u2013 FECHA DE NACIMIENTO\u00a0\u00a0\u00a0\u00a0\u00a0\u00a0\u00a0\u00a0\u00a0\u00a0\u00a0 : 14 DE ABRIL DE 1970 \u2013 LUGAR DE NACIMIENTO&nbsp;&nbsp;&nbsp;&nbsp;&nbsp;&nbsp;&nbsp;&nbsp;&nbsp;&nbsp;&nbsp;&nbsp;&nbsp;&nbsp;&nbsp;&nbsp;&nbsp;&nbsp;&nbsp;&nbsp;&nbsp;&nbsp; : ASUNCI\u00d3N \u2013 ESTADO CIVIL \u00a0\u00a0\u00a0\u00a0\u00a0\u00a0\u00a0\u00a0\u00a0\u00a0\u00a0\u00a0\u00a0\u00a0\u00a0\u00a0\u00a0\u00a0\u00a0\u00a0\u00a0\u00a0\u00a0\u00a0\u00a0\u00a0\u00a0\u00a0 \u00a0\u00a0\u00a0\u00a0\u00a0\u00a0\u00a0\u00a0\u00a0\u00a0\u00a0 : CASADO &nbsp;&nbsp;&nbsp;&nbsp;CARRERA MILITAR &nbsp;&nbsp;&nbsp;&nbsp;&nbsp;CURSOS REALIZADOS &nbsp;&nbsp;&nbsp;&nbsp;&nbsp;&nbsp;&nbsp;CARGOS OCUPADOS &nbsp;&nbsp;&nbsp;&nbsp;&nbsp;&nbsp;&nbsp;&nbsp;&nbsp;&nbsp;&nbsp;&nbsp;DIPLOMAS, BREVET Y DISTINTIVOS [&hellip;]<\/p>\n","protected":false},"author":1,"featured_media":0,"parent":0,"menu_order":0,"comment_status":"closed","ping_status":"closed","template":"page-nosidebar.php","meta":{"footnotes":""},"class_list":["post-353","page","type-page","status-publish","hentry"],"_links":{"self":[{"href":"https:\/\/ffmm.mil.py\/fuerzaaerea\/wp-json\/wp\/v2\/pages\/353","targetHints":{"allow":["GET"]}}],"collection":[{"href":"https:\/\/ffmm.mil.py\/fuerzaaerea\/wp-json\/wp\/v2\/pages"}],"about":[{"href":"https:\/\/ffmm.mil.py\/fuerzaaerea\/wp-json\/wp\/v2\/types\/page"}],"author":[{"embeddable":true,"href":"https:\/\/ffmm.mil.py\/fuerzaaerea\/wp-json\/wp\/v2\/users\/1"}],"replies":[{"embeddable":true,"href":"https:\/\/ffmm.mil.py\/fuerzaaerea\/wp-json\/wp\/v2\/comments?post=353"}],"version-history":[{"count":1,"href":"https:\/\/ffmm.mil.py\/fuerzaaerea\/wp-json\/wp\/v2\/pages\/353\/revisions"}],"predecessor-version":[{"id":356,"href":"https:\/\/ffmm.mil.py\/fuerzaaerea\/wp-json\/wp\/v2\/pages\/353\/revisions\/356"}],"wp:attachment":[{"href":"https:\/\/ffmm.mil.py\/fuerzaaerea\/wp-json\/wp\/v2\/media?parent=353"}],"curies":[{"name":"wp","href":"https:\/\/api.w.org\/{rel}","templated":true}]}}